{"id":150,"date":"2015-02-10T16:39:09","date_gmt":"2015-02-11T00:39:09","guid":{"rendered":"http:\/\/dff-monolith.com\/?page_id=150"},"modified":"2025-02-13T14:01:55","modified_gmt":"2025-02-13T22:01:55","slug":"articles","status":"publish","type":"page","link":"https:\/\/davidrosenmann-taub.com\/es\/articles\/","title":{"rendered":"Art&iacute;culos y Entrevistas"},"content":{"rendered":"<h1>Art&iacute;culos y Entrevistas<\/h1>\r\n<div class=\"responsive-tabs\">\n<h2 class=\"tabtitle\">Entrevistas<\/h2>\n<div class=\"tabcontent\">\n\r\n<table class=\"articles-table\">\r\n<thead>\r\n<tr>\r\n<td class=\"col-year\">A\u00f1o<\/td>\r\n<td class=\"col-type\">Formato<\/td>\r\n<td class=\"col-name\">T\u00edtulo Del Art\u00edculo<\/td>\r\n<\/tr>\r\n<\/thead>\r\n<tbody>\r\n<tr>\r\n<td class=\"col-year\">2016<\/td>\r\n<td class=\"col-type\">P\u00e1gina<\/td>\r\n<td class=\"col-name\"><a href=\"\/es\/interviews\/interview-letral-2016-salvador\/\">Letral: Entrevista a David Rosenmann-Taub<\/a><\/td>\r\n<\/tr>\r\n<tr>\r\n<td class=\"col-year\">2015<\/td>\r\n<td class=\"col-type\">P\u00e1gina<\/td>\r\n<td class=\"col-name\"><a href=\"\/es\/interviews\/entrevista-2015-martha-canfield\/\">Entrevista a David Rosenmann-Taub, De Martha L. Canfield<\/a><\/td>\r\n<\/tr>\r\n<tr>\r\n<td class=\"col-year\">2014<\/td>\r\n<td class=\"col-type\">P\u00e1gina<\/td>\r\n<td class=\"col-name\"><a href=\"\/es\/interviews\/interview-2014-spectator\/\">El Mercurio: David Rosenmann-Taub: Un espectador que sabe ver es tan artista como el artista<\/a><\/td>\r\n<\/tr>\r\n<tr>\r\n<td class=\"col-year\">2013<\/td>\r\n<td class=\"col-type\">P\u00e1gina<\/td>\r\n<td class=\"col-name\"><a href=\"\/es\/interviews\/el-mercurio-tapia-2013\/\">Entrevista a David Rosenmann-Taub: art\u00edculo por Patricio Tapia, <em>Las edades del hombre seg\u00fan David Rosenmann-Taub<\/em>, El Mercurio, Santiago de Chile, 1 de abril de 2013<\/a><\/td>\r\n<\/tr>\r\n<tr>\r\n<td class=\"col-year\">2008<\/td>\r\n<td class=\"col-type\">P\u00e1gina<\/td>\r\n<td class=\"col-name\"><a href=\"\/es\/interviews\/interview-01-radio-beethoven\/\">Entrevista con Radio Beethoven<\/a><\/td>\r\n<\/tr>\r\n<tr>\r\n<td class=\"col-year\">2008<\/td>\r\n<td class=\"col-type\">P\u00e1gina<\/td>\r\n<td class=\"col-name\"><a href=\"\/es\/articles\/interview07-tormented-glimpses\" title=\"Extracto de &ldquo;Rosenmann-Taub: el tormento de sus atisbos&rdquo; - Entrevista por Patricio Tapia\">Extracto de &ldquo;Rosenmann-Taub: el tormento de sus atisbos&rdquo; - Entrevista por Patricio Tapia<\/a><\/td>\r\n<\/tr>\r\n<tr>\r\n<td class=\"col-year\">2007<\/td>\r\n<td class=\"col-type\">P\u00e1gina<\/td>\r\n<td class=\"col-name\"><a href=\"\/es\/interviews\/interview-2007-identifico-poesia-con-verdad\/\">Identifico Poes&iacute;a con Verdad por Beatriz Berger<\/a><\/td>\r\n<\/tr>\r\n<tr>\r\n<td class=\"col-year\">2005<\/td>\r\n<td class=\"col-type\">P\u00e1gina<\/td>\r\n<td class=\"col-name\"><a href=\"\/es\/articles\/interview06-3d-poet\" title=\"David Rosenmann-Taub: Poeta en tres dimensiones, por Beatriz Berger\">David Rosenmann-Taub: Poeta en tres dimensiones, por Beatriz Berger<\/a><\/td>\r\n<\/tr>\r\n<tr>\r\n<td class=\"col-year\">2005<\/td>\r\n<td class=\"col-type\">P\u00e1gina<\/td>\r\n<td class=\"col-name\"><a href=\"\/es\/articles\/interview02-came-to-learn\" title=\"'Vine al mundo a aprender.' Rosenmann-Taub por Laura Castellanos\">\"Vine al mundo a aprender.\" Rosenmann-Taub por Laura Castellanos<\/a><\/td>\r\n<\/tr>\r\n<tr>\r\n<td class=\"col-year\">2005<\/td>\r\n<td class=\"col-type\">P\u00e1gina<\/td>\r\n<td class=\"col-name\"><a href=\"\/es\/articles\/interview08-memorize\" title=\"David Rosenmann-Taub: Contra la improvisaci&oacute;n por Patricio Tapia  \">David Rosenmann-Taub: Contra la improvisaci&oacute;n por Patricio Tapia<\/a><\/td>\r\n<\/tr>\r\n<tr>\r\n<td class=\"col-year\">2004<\/td>\r\n<td class=\"col-type\">P\u00e1gina<\/td>\r\n<td class=\"col-name\"><a href=\"\/es\/articles\/interview03-chilean-living-myth\" title=\"M\u00fasico y Poeta: Rosenmann-Taub, el mito viviente de la poes\u00eda chilena por Maureen Lennon Zaninovic\">M\u00fasico y Poeta: Rosenmann-Taub, el mito viviente de la poes\u00eda chilena por Maureen Lennon Zaninovic<\/a><\/td>\r\n<\/tr>\r\n<tr>\r\n<td class=\"col-year\">2004<\/td>\r\n<td class=\"col-type\">P\u00e1gina<\/td>\r\n<td class=\"col-name\"><a href=\"\/es\/articles\/interview05-drt-interview\" title=\"Entrevista a David Rosenmann-Taub por Franco Fasola\">Entrevista a David Rosenmann-Taub por Franco Fasola<\/a><\/td>\r\n<\/tr>\r\n<tr>\r\n<td class=\"col-year\">2002<\/td>\r\n<td class=\"col-type\">P\u00e1gina<\/td>\r\n<td class=\"col-name\"><a href=\"\/es\/articles\/interview04-poem-score\" title=\"'Todo poema, en m\u00ed, tiene su partitura.' Entrevista por Beatriz Berger\">\"Todo poema, en m\u00ed, tiene su partitura.\" Entrevista por Beatriz Berger<\/a><\/td>\r\n<\/tr>\r\n<tr>\r\n<td class=\"col-year\">2002<\/td>\r\n<td class=\"col-type\">P\u00e1gina<\/td>\r\n<td class=\"col-name\"><a href=\"\/es\/articles\/interview09-far-from-world\" title=\"Apartado de todo, lejos del mundo Entrevista por Lautaro Ortiz\">Apartado de todo, lejos del mundo. Entrevista por Lautaro Ortiz<\/a><\/td>\r\n<\/tr>\r\n<tr>\r\n<td class=\"col-year\">2001<\/td>\r\n<td class=\"col-type\">P\u00e1gina<\/td>\r\n<td class=\"col-name\"><a href=\"\/es\/articles\/interview01-great-absentee\" title=\"El Gran Ausente: David Rosenmann-Taub por Patricio Rojas\">El Gran Ausente: David Rosenmann-Taub por Patricio Rojas<\/a><\/td>\r\n<\/tr>\r\n<tr>\r\n<td class=\"col-year\"><em>Unknown<\/em><\/td>\r\n<td class=\"col-type\">P\u00e1gina<\/td>\r\n<td class=\"col-name\"><a href=\"\/es\/articles\/interview-02-compositions\" title=\"Composici&oacute;n y Puntos de Vista\">Composici&oacute;n y Puntos de Vista<\/a><\/td>\r\n<\/tr>\r\n\r\n<tr>\r\n<td class=\"col-year\"><em>Unknown<\/em><\/td>\r\n<td class=\"col-type\">P\u00e1gina<\/td>\r\n<td class=\"col-name\"><a href=\"\/es\/articles\/interview-03-on-piano\" title=\"Sobre el piano\">Sobre el piano<\/a><\/td>\r\n<\/tr>\r\n\r\n<tr>\r\n<td class=\"col-year\">Unknown<\/td>\r\n<td class=\"col-type\">P\u00e1gina<\/td>\r\n<td class=\"col-name\"><a href=\"\/es\/articles\/interview-04-poetry-music\" title=\"Poes&iacute;a y M&uacute;sica\">Poes&iacute;a y M&uacute;sica<\/a><\/td>\r\n<\/tr>\r\n\r\n<\/tbody>\r\n<tfoot>\r\n<tr>\r\n<td class=\"col-year\">A\u00f1o<\/td>\r\n<td class=\"col-type\">Formato<\/td>\r\n<td class=\"col-name\">T\u00edtulo Del Art\u00edculo<\/td>\r\n<\/tr>\r\n<\/tfoot>\r\n<\/table>\r\n\n<\/div><h2 class=\"tabtitle\">Art\u00edculos 2022&ndash;2011<\/h2>\n<div class=\"tabcontent\">\n\r\n<table class=\"articles-table\">\r\n<thead>\r\n<tr>\r\n<td class=\"col-year\">A\u00f1o<\/td>\r\n<td class=\"col-type\">Formato<\/td>\r\n<td class=\"col-name\">T\u00edtulo Del Art\u00edculo<\/td>\r\n<\/tr>\r\n<\/thead>\r\n<tbody>\r\n\r\n<tr>\r\n<td class=\"col-year\">2022<\/td>\r\n<td class=\"col-type\">P\u00e1gina<\/td>\r\n<td class=\"col-name\"><a href=\"\/articles\/gorfkle-2022-glosa-review\/\">Review of &ldquo;GLOSA&rdquo;, by Kenneth Gorfkle (Ingl\u00e9s)<\/a><\/td>\r\n<\/tr>\r\n\r\n<tr>\r\n<td class=\"col-year\">2021<\/td>\r\n<td class=\"col-type\">P\u00e1gina<\/td>\r\n<td class=\"col-name\"><a href=\"\/es\/articles\/vertiz-2021\/\">&ldquo;LA PALABRA QUE SE ESCUCHA, EL SONIDO QUE SE LEE. ALME-R\u00cdA, DE DAVID ROSENMANN-TAUB&rdquo;, por Diana Rodr\u00edguez V\u00e9rtiz<\/a><\/td>\r\n<\/tr>\r\n\r\n<tr>\r\n<td class=\"col-year\">2020<\/td>\r\n<td class=\"col-type\">P\u00e1gina<\/td>\r\n<td class=\"col-name\"><a href=\"\/es\/articles\/nomez-2020-trascendencia\/\">TRASCENDENCIA Y REGENERACI\u00d3N EN LA POES\u00cdA DE DAVID ROSENMANN-TAUB, por Na\u00edn N\u00f3mez<\/a><\/td>\r\n<\/tr>\r\n\r\n<tr>\r\n<td class=\"col-year\">2018<\/td>\r\n<td class=\"col-type\">PDF<\/td>\r\n<td class=\"col-name\"><a href=\"\/downloads\/Gandolfo-on-DRT-Mercurio-13-May-2018.pdf\">M&Uacute;SICA PO&Eacute;TICA DE ROSENMANN-TAUB. Por Pedro Gandolfo.<\/a><\/td>\r\n<\/tr>\r\n<tr>\r\n<td class=\"col-year\">2017<\/td>\r\n<td class=\"col-type\">P\u00e1gina<\/td>\r\n<td class=\"col-name\"><a href=\"\/es\/articles\/vertiz-2017-los-cinco-sentidos\/\">David Rosenmann-Taub y la Educaci\u00f3n de los Cinco Sentidos, por Diana Rodr\u00edguez V\u00e9rtiz<\/a><\/td>\r\n<\/tr>\r\n<tr>\r\n<td class=\"col-year\">2016<\/td>\r\n<td class=\"col-type\">P\u00e1gina<\/td>\r\n<td class=\"col-name\"><a href=\"\/es\/articles\/article-2016-letral-merlo\/\">Presentaci\u00f3n del n\u00famero 17, 2016 de la Revista Letral. Por Pepa Merlo.<\/a><\/td>\r\n<\/tr>\r\n<tr>\r\n<td class=\"col-year\">2016<\/td>\r\n<td class=\"col-type\">PDF<\/td>\r\n<td class=\"col-name\"><a href=\"\/pdf\/Letral-2016-Gorfkle-Hermeneutica-sobre-DRT.pdf\">La comprensi\u00f3n de la poes\u00eda de David Rosenmann-Taub: Un enfoque formalista\/ hermen\u00e9utico. Por Kenneth Gorfkle. (En ingl\u00e9s)<\/a><\/td>\r\n<\/tr>\r\n<tr>\r\n<td class=\"col-year\">2016<\/td>\r\n<td class=\"col-type\">P\u00e1gina<\/td>\r\n<td class=\"col-name\"><a href=\"\/es\/articles\/ripoll-2016-musica-y-poesia\/\">M\u00fasica y poes\u00eda en David Rosenmann-Taub. Por Jos\u00e9 Ram\u00f3n Ripoll.<\/a><\/td>\r\n<\/tr>\r\n<tr>\r\n<td class=\"col-year\">2016<\/td>\r\n<td class=\"col-type\">P\u00e1gina<\/td>\r\n<td class=\"col-name\"><a href=\"\/es\/articles\/article-2016-los-poetas-escriben\/\">Los poetas escriben sobre David Rosenmann-Taub.  Omar Lara, Dimitris Angelis, Jos\u00e9 Carlos Rosales.<\/a><\/td>\r\n<\/tr>\r\n<tr>\r\n<td class=\"col-year\">2016<\/td>\r\n<td class=\"col-type\">P\u00e1gina<\/td>\r\n<td class=\"col-name\"><a href=\"\/es\/articles\/nomez-2016-el-duelo\/\">Rese\u00f1a del libro <em>El duelo de la luz<\/em>. Por Na\u00edn N\u00f3mez.<\/a><\/td>\r\n<\/tr>\r\n<tr>\r\n<td class=\"col-year\">2016<\/td>\r\n<td class=\"col-type\">P\u00e1gina<\/td>\r\n<td class=\"col-name\"><a href=\"\/es\/articles\/galan-2016-didacticas\/\">Did\u00e1cticas del mensajero: <em>O\u00f3,o<\/em>. Por Julio C\u00e9sar Gal\u00e1n.<\/a><\/td>\r\n<\/tr>\r\n<tr>\r\n<td class=\"col-year\">2015<\/td>\r\n<td class=\"col-type\">P\u00e1gina<\/td>\r\n<td class=\"col-name\"><a href=\"\/es\/articles\/gorfkle-2016-los-recursos\/\">&ldquo;Los recursos t\u00e9cnicos y ret\u00f3ricos de la poesia de David Rosenmann-Taub&rdquo;, por Kenneth Gorfkle<\/a><\/td>\r\n<\/tr>\r\n<tr>\r\n<td class=\"col-year\">2015<\/td>\r\n<td class=\"col-type\">P\u00e1gina<\/td>\r\n<td class=\"col-name\"><a href=\"\/es\/articles\/chirinos-2015-la-insistencia\/\">LA INSISTENCIA DEL ESPECTRO EN &ldquo;CANCI\u00d3N DE CUNA&rdquo; DE DAVID ROSENMANN-TAUB Y &ldquo;MY SON&rdquo; DE MARK STRAND, de Eduardo Chirinos<\/a><\/td>\r\n<\/tr>\r\n<tr>\r\n<td class=\"col-year\">2015<\/td>\r\n<td class=\"col-type\">P\u00e1gina<\/td>\r\n<td class=\"col-name\"><a href=\"\/es\/articles\/la-mistica-salvaje-2015\/\">LA M\u00cdSTICA SALVAJE DE DAVID ROSENMANN-TAUB, De Diana Mar\u00eda Rodr\u00edguez V\u00e9rtiz<\/a><\/td>\r\n<\/tr>\r\n<tr>\r\n<td class=\"col-year\">2015<\/td>\r\n<td class=\"col-type\">PDF<\/td>\r\n<td class=\"col-name\"><a href=\"\/pdf\/revistaintemperie.cl-David Rosenmann-Taub-El-Mensajero.pdf\">David Rosenmann-Taub: El Mensajero por Francisco Leal<\/a><\/td>\r\n<\/tr>\r\n<tr>\r\n<td class=\"col-year\">2015<\/td>\r\n<td class=\"col-type\">PDF<\/td>\r\n<td class=\"col-name\"><a href=\"\/downloads\/La-Segunda-2015.pdf\">La Segunda: &ldquo;En el nombre del Padre&rdquo; por Jorge Edwards<\/a><a href=\"https:\/\/web.archive.org\/web\/20151012184454\/http:\/\/impresa.lasegunda.com:80\/2015\/10\/09\/A\/7F2PNJSD\">(Original Ver)<\/a><\/td>\r\n<\/tr>\r\n\r\n<tr>\r\n<td class=\"col-year\">2015<\/td>\r\n<td class=\"col-type\">P\u00e1gina<\/td>\r\n<td class=\"col-name\"><a href=\"\/es\/articles\/inedito-merlo-2015\/\">&ldquo;David Rosenmann-Taub: In\u00e9dito&rdquo; Por Pepa Merlo.<\/td>\r\n<\/tr>\r\n\r\n<tr>\r\n<td class=\"col-year\">2015<\/td>\r\n<td class=\"col-type\">PDF<\/td>\r\n<td class=\"col-name\"><a href=\"\/pdf\/La-poesia-di-DRT-Canfield-Italian.pdf\">LA POESIA DI DAVID ROSENMANN-TAUB di Martha Canfield<\/a> (Italiano)<\/td>\r\n<\/tr>\r\n\r\n<tr>\r\n<td class=\"col-year\">2014<\/td>\r\n<td class=\"col-type\">P\u00e1gina<\/td>\r\n<td class=\"col-name\"><a href=\"\/es\/articles\/vanguardia-y-neovanguardia-2014\/\">\u201cVANGUARDIA Y NEOVANGUARDIA: REGENERACI\u00d3N Y TRASCENDENCIA EN DAVID ROSENMANN-TAUB\u201d, por Na\u00edn N\u00f3mez<\/a><\/td>\r\n<\/tr>\r\n<tr>\r\n<td class=\"col-year\">2014<\/td>\r\n<td class=\"col-type\">P\u00e1gina<\/td>\r\n<td class=\"col-name\"><a href=\"\/es\/articles\/salvador-2014-neopopularismo\/\">El neopopularismo en Nicanor Parra\u00a0y\u00a0David\u00a0Rosenmann-Taub.<\/a><\/td>\r\n<\/tr>\r\n\r\n<tr>\r\n<td class=\"col-year\">2014<\/td>\r\n<td class=\"col-type\">P\u00e1gina<\/td>\r\n<td class=\"col-name\"><a href=\"\/es\/articles\/article-concha-en-torno-a-auge\/\">En Torno\u00a0a Auge:\u00a0M\u00e9trica\u00a0y\u00a0Vanguardia en\u00a0Rosenmann-Taub.<\/a><\/td>\r\n<\/tr>\r\n\r\n<tr>\r\n<td class=\"col-year\">2014<\/td>\r\n<td class=\"col-type\">P\u00e1gina<\/td>\r\n<td class=\"col-name\"><a href=\"\/articles\/gorfkle-intersection-2014\/\">\u201cTHE INTERSECTION OF LIFE AND DEATH IN DAVID ROSENMANN-TAUB'S TETRALOGY CORTEJO Y EPINICIO\u201d, by Kenneth Gorfkle (Ingl&eacute;s)<\/a><\/td>\r\n<\/tr>\r\n\r\n<tr>\r\n<td class=\"col-year\">2014<\/td>\r\n<td class=\"col-type\">PDF<\/td>\r\n<td class=\"col-name\"><a href=\"\/downloads\/2016_Winner_Wyse_Exploring_Jewish_Forms_Speaking_to_God.pdf\">&ldquo;Exploring Jewish Forms of Speaking to God: The Use of Apostrophe in David Rosenmann-Taub's\u00a0<em>Cortejo y Epinicio<\/em>&rdquo;, por Raelene Camille Wyse (Ingl&eacute;s)<\/a><\/td>\r\n<\/tr>\r\n<tr>\r\n<td class=\"col-year\">2014<\/td>\r\n<td class=\"col-type\">PDF<\/td>\r\n<td class=\"col-name\"><a href=\"\/downloads\/Montes-El-concepto-de-ritmo-DRT.pdf\"><em>El concepto de ritmo en la poes\u00eda de David Rosenmann Taub.<\/em>\u00a0 Por Cristi\u00e1n Montes, Universidad de Chile. Presentado en el Coloquio Internacional <em>La m\u00fasica en sus variaciones pr\u00e1cticas y discursivas,<\/em> Universidad de Chile, Santiago<br \/>por Cristi\u00e1n Montes<\/a><\/td>\r\n<\/tr>\r\n<tr>\r\n<td class=\"col-year\">2014<\/td>\r\n<td class=\"col-type\">PDF<\/td>\r\n<td class=\"col-name\"><a href=\"\/downloads\/SOLO-EL-ARTE-CONSUELA-A-Salvador-Granada-Hoy-2014.pdf\">S&oacute;lo el arte consuela y puede ser una forma de vencer a la muerte por \u00c1lvaro Salvador<\/td>\r\n<\/tr>\r\n\r\n<tr>\r\n<td class=\"col-year\">2013<\/td>\r\n<td class=\"col-type\">P\u00e1gina<\/td>\r\n<td class=\"col-name\"><a href=\"\/es\/articles\/blanco-2013-antes\/\">\u201cAntes que a Luz Trema. Antolog\u00eda Po\u00e9tica de David Rosenmann-Taub\u201d por Fernando Blanco<\/a><\/td>\r\n<\/tr>\r\n\r\n<tr>\r\n<td class=\"col-year\">2013<\/td>\r\n<td class=\"col-type\">P\u00e1gina<\/td>\r\n<td class=\"col-name\"><a href=\"\/es\/articles\/monteleone-2013-la-voz\/\">David Rosenmann-Taub, la voz del multiverso por Jorge Monteleone<\/a><\/td>\r\n<\/tr>\r\n\r\n<tr>\r\n<td class=\"col-year\">2013<\/td>\r\n<td class=\"col-type\">PDF<\/td>\r\n<td class=\"col-name\"><a href=\"\/downloads\/LaFaz-Aportaciones.pdf\">Aportaciones a la discusi\u00f3n de un poema por L\u00e1gar Alexander Vilkas<\/a><\/td>\r\n<\/tr>\r\n\r\n<tr>\r\n<td class=\"col-year\">2012<\/td>\r\n<td class=\"col-type\">PDF<\/td>\r\n<td class=\"col-name\"><a href=\"\/downloads\/COMPONER-Cifuentes-Louault-Lo-Singular-2012.pdf\">Componer, descomponer y recomponer la memoria: una lectura de Pa&iacute;s M&aacute;s All&aacute; de David Rosenmann-Taub por Juanita Cifuentes-Louaul<\/a><\/td>\r\n<\/tr>\r\n<tr>\r\n<td class=\"col-year\">2012<\/td>\r\n<td class=\"col-type\">PDF<\/td>\r\n<td class=\"col-name\"><a href=\"\/downloads\/CORTEJO-Y-EPINICIO-Nain-Nomez-Lo-Singular-2012.pdf\">Cortejo y Epinicio de David Rosenmann-Taub: exorcismos de la memoria por Na\u00edn N\u00f3mez<\/a><\/td>\r\n<\/tr>\r\n<tr>\r\n<td class=\"col-year\">2012<\/td>\r\n<td class=\"col-type\">PDF<\/td>\r\n<td class=\"col-name\"><a href=\"\/downloads\/DEL-NACAR-Ina-Salazar-Lo-Singular-2012.pdf\">Del n&aacute;car de la infancia a los firmamentos apagados : primeras aproximaciones a la poes&iacute;a de David Rosenmann-Taub por Ina Salazar<\/a><\/td>\r\n<\/tr>\r\n<tr>\r\n<td class=\"col-year\">2012<\/td>\r\n<td class=\"col-type\">PDF<\/td>\r\n<td class=\"col-name\"><a href=\"\/downloads\/DE-LO-PERSONAL-Costanzo-Lo-Singular-2012.pdf\">De lo personal a lo universal: existencialismo y muerte en la poes&iacute;a de David Rosenmann-Taub por Sabrina Costanzo<\/a><\/td>\r\n<\/tr>\r\n<tr>\r\n<td class=\"col-year\">2012<\/td>\r\n<td class=\"col-type\">PDF<\/td>\r\n<td class=\"col-name\"><a href=\"\/downloads\/EL-CERO-Erika-Martinez-Lo-Singular-2012.pdf\">El cero del polvo: David Rosenmann-Taub y la miniatura sapiencial por Erika Mart\u00ednez<\/a><\/td>\r\n<\/tr>\r\n<tr>\r\n<td class=\"col-year\">2012<\/td>\r\n<td class=\"col-type\">PDF<\/td>\r\n<td class=\"col-name\"><a href=\"\/downloads\/EL-OBJETIVO-Teodosio-Fernandez-Lo-Singular-2012.pdf\">El objetivo es la verdad: reflexiones sobre la  poes&iacute;a de David Rosenmann-Taub por Teodosio Fern\u00e1ndez<\/a><\/td>\r\n<\/tr>\r\n<tr>\r\n<td class=\"col-year\">2012<\/td>\r\n<td class=\"col-type\">PDF<\/td>\r\n<td class=\"col-name\"><a href=\"\/downloads\/INCITACION-Gallego-Cuinas-Insula-791-Nov-2012.pdf\">Incitaci&oacute;n a la poes&iacute;a especular de David Rosenmann-Taub por Ana Gallego Cui\u00f1as<\/a><\/td>\r\n<\/tr>\r\n<tr>\r\n<td class=\"col-year\">2012<\/td>\r\n<td class=\"col-type\">PDF<\/td>\r\n<td class=\"col-name\"><a href=\"\/downloads\/LA-TINTA-Perez-Lopez-Lo-Singular-2012.pdf\">La tinta seducida. Episteme y creaci&oacute;n en David Rosenmann-Taub por M\u00aa \u00c1ngeles P\u00e9rez L\u00f3pez<\/a><\/td>\r\n<\/tr>\r\n<tr>\r\n<td class=\"col-year\">2012<\/td>\r\n<td class=\"col-type\">PDF<\/td>\r\n<td class=\"col-name\"><a href=\"\/downloads\/LO-SINGULAR-Y-LO-UNIVERSAL-EN-LA-POESIA-DE-DRT-Libro-2012.pdf\">Lo singular y lo universal en la poes&iacute;a de David Rosenmann-Taub, Edici\u00f3n de Eduardo Ramos-Izquierdo<\/a><\/td>\r\n<\/tr>\r\n<tr>\r\n<td class=\"col-year\">2012<\/td>\r\n<td class=\"col-type\">PDF<\/td>\r\n<td class=\"col-name\"><a href=\"\/downloads\/PARA-UNA-RETORICA-Tedeschi-Lo-Singula-2012.pdf\">Para una ret&oacute;rica del silencio. Una lectura de Cortejo y Epinicio de David Rosenmann-Taub por Stefano Tedeschi<\/a><\/td>\r\n<\/tr>\r\n<tr>\r\n<td class=\"col-year\">2012<\/td>\r\n<td class=\"col-type\">PDF<\/td>\r\n<td class=\"col-name\"><a href=\"\/downloads\/PRELUDIO-Ramos-Izquierdo-Lo-Singular-2012.pdf\">Preludio en sol bemol mayor,  Edici\u00f3n de Eduardo Ramos-Izquierdo<\/a><\/td>\r\n<\/tr>\r\n<tr>\r\n<td class=\"col-year\">2012<\/td>\r\n<td class=\"col-type\">P\u00e1gina<\/td>\r\n<td class=\"col-name\"><a href=\"\/es\/articles\/roman-resumen-2012\/\">Interpretaci\u00f3n y Oximor\u00f3n en la Poes\u00eda de David Rosenmann-Taub. Por Juan Andr\u00e9s Garc\u00eda Rom\u00e1n.<\/a><\/td>\r\n<\/tr>\r\n<tr>\r\n<td class=\"col-year\">2011<\/td>\r\n<td class=\"col-type\">PDF<\/td>\r\n<td class=\"col-name\"><a href=\"\/pdf\/Dematte-Corde.pdf\">&ldquo;Sin verter ni una \u00abcosmol\u00e1grima\u00bb: traducir la poes\u00eda de David Rosenmann-Taub al italiano&rdquo;, por Claudia Dematt\u00e8<\/a><\/td>\r\n<\/tr>\r\n<tr>\r\n<td class=\"col-year\">2011<\/td>\r\n<td class=\"col-type\">PDF<\/td>\r\n<td class=\"col-name\"><a href=\"\/downloads\/Eduardo-Moga-2011-El-poeta-total.pdf\">EL POETA TOTAL, por EDUARDO MOGA<\/a><\/td>\r\n<\/tr>\r\n<\/tbody>\r\n<tfoot>\r\n<tr>\r\n<td class=\"col-year\">A\u00f1o<\/td>\r\n<td class=\"col-type\">Formato<\/td>\r\n<td class=\"col-name\">T\u00edtulo Del Art\u00edculo<\/td>\r\n<\/tr>\r\n<\/tfoot>\r\n<\/table>\r\n\n<\/div><h2 class=\"tabtitle\">Art\u00edculos 2010&ndash;2008<\/h2>\n<div class=\"tabcontent\">\n\r\n<table class=\"articles-table\">\r\n<thead>\r\n<tr>\r\n<td class=\"col-year\">A\u00f1o<\/td>\r\n<td class=\"col-type\">Formato<\/td>\r\n<td class=\"col-name\">T\u00edtulo Del Art\u00edculo<\/td>\r\n<\/tr>\r\n<\/thead>\r\n<tbody>\r\n<tr>\r\n<td class=\"col-year\">2010<\/td>\r\n<td class=\"col-type\">PDF<\/td>\r\n<td class=\"col-name\"><a href=\"\/downloads\/Cuadernos-Hispanoamericanos-59-Lucas-Article.pdf\">Rosenmann-Taub, inquilino en la extra\u00f1eza por Antonio Lucas<\/a><\/td>\r\n<\/tr>\r\n<tr>\r\n<td class=\"col-year\">2010<\/td>\r\n<td class=\"col-type\">PDF<\/td>\r\n<td class=\"col-name\"><a href=\"\/downloads\/DRT-LECTURA-Cristian-Gomez-2010.pdf\">David Rosenmann-Taub: Lectura de sus silencios por Cristi\u00e1n G\u00f3mez O.<\/a><\/td>\r\n<\/tr>\r\n<tr>\r\n<td class=\"col-year\">2010<\/td>\r\n<td class=\"col-type\">PDF<\/td>\r\n<td class=\"col-name\"><a href=\"\/downloads\/EL-ESPACIO-DE-LA-MEMORIA-EN-PMA-Nomez-IILI-2010.pdf\">Sobre la poes&iacute;a de David Rosenmann-Taub: El espacio de la memoria en el Pa&iacute;s (de) M&aacute;s All&aacute; por Na\u00edn N\u00f3mez<\/a><\/td>\r\n<\/tr>\r\n<tr>\r\n<td class=\"col-year\">2010<\/td>\r\n<td class=\"col-type\">PDF<\/td>\r\n<td class=\"col-name\"><a href=\"\/downloads\/EN-TORNO-A-AUGE-Concha-IILI-2010.pdf\">En torno a Auge: M&eacute;trica y vanguardia en Rosenmann-Taub por Jaime Concha<\/a><\/td>\r\n<\/tr>\r\n<tr>\r\n<td class=\"col-year\">2010<\/td>\r\n<td class=\"col-type\">PDF<\/td>\r\n<td class=\"col-name\"><a href=\"\/downloads\/IMPERATIVOS-Susan-Campos-Fonseca-2010.pdf\">Imperativos de la memoria: En un lugar de la Sangre de David Rosenmann-Taub (Una Introducci&oacute;n) por Susan Campos Fonseca<\/a><\/td>\r\n<\/tr>\r\n<tr>\r\n<td class=\"col-year\">2010<\/td>\r\n<td class=\"col-type\">PDF<\/td>\r\n<td class=\"col-name\"><a href=\"\/downloads\/POESIA-AL-BORDE-Gandolfo-Resonancias-No-26-2010.pdf\">Rosenmann-Taub: Poes&iacute;a al borde de la m\u00fasica por Pedro Gandolfo<\/a><\/td>\r\n<\/tr>\r\n<tr>\r\n<td class=\"col-year\">2010<\/td>\r\n<td class=\"col-type\">PDF<\/td>\r\n<td class=\"col-name\"><a href=\"\/downloads\/DRT-ME-INCITO-J-Fabrellas-Revista-Paraiso-No-9-2013.pdf\">Me incit&oacute; el espejo por Joaqu\u00edn Fabrellas<\/a><\/td>\r\n<\/tr>\r\n<tr>\r\n<td class=\"col-year\">2009<\/td>\r\n<td class=\"col-type\">PDF<\/td>\r\n<td class=\"col-name\"><a href=\"\/downloads\/QUINCE-AUTOCOM-P-Miranda-Revista-Chilena-Lit-2009.pdf\">Quince Autocomentarios de David Rosenmann-Taub: Fin al hermetismo por Paula Miranda H.<\/a><\/td>\r\n<\/tr>\r\n<tr>\r\n<td class=\"col-year\">2009<\/td>\r\n<td class=\"col-type\">PDF<\/td>\r\n<td class=\"col-name\"><a href=\"\/downloads\/HOFSTRAMAYO2009-DRT.pdf\" title=\"An Interpretative Approach to the Poetry of David Rosenmann-Taub by Kenneth Gorfkle  (Original in English)\">An Interpretative Approach to the Poetry of David Rosenmann-Taub by Kenneth Gorfkle (Original in English)<\/a><\/td>\r\n<\/tr>\r\n<tr>\r\n<td class=\"col-year\">2008<\/td>\r\n<td class=\"col-type\">PDF<\/td>\r\n<td class=\"col-name\"><a href=\"\/downloads\/Nace_una_singularidad.pdf\" title=\"Nace una singularidad: el primer libro de David Rosenmann-Taub por Jaime Concha \">Nace una singularidad: el primer libro de David Rosenmann-Taub por Jaime Concha<\/a><\/td>\r\n<\/tr>\r\n<tr>\r\n<td class=\"col-year\">2008<\/td>\r\n<td class=\"col-type\">P\u00e1gina<\/td>\r\n<td class=\"col-name\"><a href=\"\/es\/articles\/article03-quince\" title=\"Quince de David Rosenmann-Taub por Paula Miranda\">Quince de David Rosenmann-Taub por Paula Miranda<\/a><\/td>\r\n<\/tr>\r\n<\/tbody>\r\n<tfoot>\r\n<tr>\r\n<td class=\"col-year\">A\u00f1o<\/td>\r\n<td class=\"col-type\">Formato<\/td>\r\n<td class=\"col-name\">T\u00edtulo Del Art\u00edculo<\/td>\r\n<\/tr>\r\n<\/tfoot>\r\n<\/table>\r\n\n<\/div><h2 class=\"tabtitle\">Art\u00edculos 2007&ndash;2002<\/h2>\n<div class=\"tabcontent\">\n\r\n<table class=\"articles-table\">\r\n<thead>\r\n<tr>\r\n<td class=\"col-year\">A\u00f1o<\/td>\r\n<td class=\"col-type\">Formato<\/td>\r\n<td class=\"col-name\">T\u00edtulo Del Art\u00edculo<\/td>\r\n<\/tr>\r\n<\/thead>\r\n<tbody>\r\n<tr>\r\n<td class=\"col-year\">2007<\/td>\r\n<td class=\"col-type\">PDF<\/td>\r\n<td class=\"col-name\"><a href=\"\/downloads\/Un_lugar_para_David_Rosenmann-Taub_Fernandez.pdf\" title=\"Un lugar para David Rosenmann-Taub por Teodosio Fern&aacute;ndez\">Un lugar para David Rosenmann-Taub por Teodosio Fern&aacute;ndez<\/a><\/td>\r\n<\/tr>\r\n<tr>\r\n<td class=\"col-year\">2007<\/td>\r\n<td class=\"col-type\">P\u00e1gina<\/td>\r\n<td class=\"col-name\"><a href=\"\/es\/articles\/article04-poetic-enigma\" title=\"David Rosenmann-Taub: Un enigma po\u00e9tico por Pedro Gandolfo\">David Rosenmann-Taub: Un enigma po\u00e9tico por Pedro Gandolfo<\/a><\/td>\r\n<\/tr>\r\n<tr>\r\n<td class=\"col-year\">2007<\/td>\r\n<td class=\"col-type\">P\u00e1gina<\/td>\r\n<td class=\"col-name\"><a href=\"\/es\/articles\/los-des-p-ojos-del-sol\/\" title=\"Los des (p) ojos del sol: un ensayo sobre la poes\u00eda de David Rosenmann-Taub por Felipe Ruiz\">Los des (p) ojos del sol: un ensayo sobre la poes\u00eda de David Rosenmann-Taub por Felipe Ruiz<\/a><\/td>\r\n<\/tr>\r\n<tr>\r\n<td class=\"col-year\">2007<\/td>\r\n<td class=\"col-type\">P\u00e1gina<\/td>\r\n<td class=\"col-name\"><a href=\"\/es\/articles\/foxley-los-despojos-2007\/\" title=\"&lsquo;Los despojos del sol&rsquo; de David Rosenmann-Taub. Por Carmen Foxley.\">&lsquo;Los despojos del sol&rsquo; de David Rosenmann-Taub. Por Carmen Foxley.<\/a><\/td>\r\n<\/tr>\r\n<tr>\r\n<td class=\"col-year\">2006<\/td>\r\n<td class=\"col-type\">P\u00e1gina<\/td>\r\n<td class=\"col-name\"><a href=\"\/es\/articles\/article06-brevity-spoils\" title=\"La brevedad de lo absoluto: Los Despojos del Sol por Ignacio Rodr&iacute;guez A.\">La brevedad de lo absoluto: Los Despojos del Sol por Ignacio Rodr&iacute;guez A.<\/a><\/td>\r\n<\/tr>\r\n<tr>\r\n<td class=\"col-year\">2006<\/td>\r\n<td class=\"col-type\">P\u00e1gina<\/td>\r\n<td class=\"col-name\"><a href=\"\/es\/articles\/article08-poet-disappear\" title=\"David Rosenmann-Taub, el poeta que quiso desaparecer por Javier Garc&iacute;a\">David Rosenmann-Taub, el poeta que quiso desaparecer por Javier Garc&iacute;a<\/a><\/td>\r\n<\/tr>\r\n<tr>\r\n<td class=\"col-year\">2005<\/td>\r\n<td class=\"col-type\">P\u00e1gina<\/td>\r\n<td class=\"col-name\"><a href=\"\/es\/articles\/article07-drt-tribute\" title=\"Presentaci&oacute;n de Poesiectom&iacute;a, con ocasi&oacute;n del Homenaje a David Rosenmann-Taub por Na&iacute;n N&oacute;mez \">Presentaci&oacute;n de Poesiectom&iacute;a, con ocasi&oacute;n del Homenaje a David Rosenmann-Taub por Na&iacute;n N&oacute;mez<\/a><\/td>\r\n<\/tr>\r\n<tr>\r\n<td class=\"col-year\">2005<\/td>\r\n<td class=\"col-type\">P\u00e1gina<\/td>\r\n<td class=\"col-name\"><a href=\"\/es\/articles\/cielo-manana-eterna\/\" title=\"Cielo, ma\u00f1ana eterna por Felipe Ruiz\">Cielo, ma\u00f1ana eterna por Felipe Ruiz<\/a><\/td>\r\n<\/tr>\r\n<tr>\r\n<td class=\"col-year\">2005<\/td>\r\n<td class=\"col-type\">P\u00e1gina<\/td>\r\n<td class=\"col-name\"><a href=\"\/es\/articles\/marks-2005-en-la-prosa\/\" title=\"En la prosa de estos versos las fogatas se calientan, por Camilo Marks\">En la prosa de estos versos las fogatas se calientan, por Camilo Marks<\/a><\/td>\r\n<\/tr>\r\n<tr>\r\n<td class=\"col-year\">2004<\/td>\r\n<td class=\"col-type\">P\u00e1gina<\/td>\r\n<td class=\"col-name\"><a href=\"\/es\/articles\/article10-memory-death\" title=\"Memoria y muerte, encontradas por Na&iacute;n N&oacute;mez\">Memoria y muerte, encontradas por Na&iacute;n N&oacute;mez<\/a><\/td>\r\n<\/tr>\r\n<tr>\r\n<td class=\"col-year\">2004<\/td>\r\n<td class=\"col-type\">P\u00e1gina<\/td>\r\n<td class=\"col-name\"><a href=\"\/es\/articles\/article11-beyond-poetry\" title=\"M\u00e1s all\u00e1 de la poes\u00eda por Jos\u00e9 Ignacio Silva A.\">M\u00e1s all\u00e1 de la poes\u00eda por Jos\u00e9 Ignacio Silva A.<\/a><\/td>\r\n<\/tr>\r\n<tr>\r\n<td class=\"col-year\">2003<\/td>\r\n<td class=\"col-type\">P\u00e1gina<\/td>\r\n<td class=\"col-name\"><a href=\"\/es\/articles\/article12-best-of-year\" title=\"Los mejores libros del a\u00f1o: poes\u00eda, relatos y novelas\">Los mejores libros del a\u00f1o: poes\u00eda, relatos y novelas<\/a><\/td>\r\n<\/tr>\r\n<tr>\r\n<td class=\"col-year\">2003<\/td>\r\n<td class=\"col-type\">P\u00e1gina<\/td>\r\n<td class=\"col-name\"><a href=\"\/es\/articles\/article13-sound-of-i\" title=\"El Sonido del Yo por Carlos Labb&eacute;\">El Sonido del Yo por Carlos Labb&eacute;<\/a><\/td>\r\n<\/tr>\r\n<tr>\r\n<td class=\"col-year\">2002<\/td>\r\n<td class=\"col-type\">P\u00e1gina<\/td>\r\n<td class=\"col-name\"><a href=\"\/es\/articles\/article14-between-earth-sky\" title=\"Entre la tierra y el cielo por Crist\u00f3bal Solari\">Entre la tierra y el cielo por Crist\u00f3bal Solari<\/a><\/td>\r\n<\/tr>\r\n<\/tbody>\r\n<tfoot>\r\n<tr>\r\n<td class=\"col-year\">A\u00f1o<\/td>\r\n<td class=\"col-type\">Formato<\/td>\r\n<td class=\"col-name\">T\u00edtulo Del Art\u00edculo<\/td>\r\n<\/tr>\r\n<\/tfoot>\r\n<\/table>\r\n\n<\/div><h2 class=\"tabtitle\">Art\u00edculos 1998&ndash;1950<\/h2>\n<div class=\"tabcontent\">\n\r\n<table class=\"articles-table\">\r\n<thead>\r\n<tr>\r\n<td class=\"col-year\">A\u00f1o<\/td>\r\n<td class=\"col-type\">Formato<\/td>\r\n<td class=\"col-name\">T\u00edtulo Del Art\u00edculo<\/td>\r\n<\/tr>\r\n<\/thead>\r\n<tbody>\r\n<tr>\r\n<td class=\"col-year\">1998<\/td>\r\n<td class=\"col-type\">P\u00e1gina<\/td>\r\n<td class=\"col-name\"><a href=\"\/es\/articles\/article15-greatest-poet\" title=\"El Mayor Poeta por Armando Uribe Arce\">El Mayor Poeta por Armando Uribe Arce<\/a><\/td>\r\n<\/tr>\r\n<tr>\r\n<td class=\"col-year\">1998<\/td>\r\n<td class=\"col-type\">P\u00e1gina<\/td>\r\n<td class=\"col-name\"><a href=\"\/es\/articles\/article16-three-chilean-poets\" title=\"de 'Tres Poetas Chilenos' por Francisco V&eacute;jar\">de \"Tres Poetas Chilenos\" por Francisco V&eacute;jar<\/a><\/td>\r\n<\/tr>\r\n<tr>\r\n<td class=\"col-year\">1981<\/td>\r\n<td class=\"col-type\">P\u00e1gina<\/td>\r\n<td class=\"col-name\"><a href=\"\/es\/articles\/article20-cortege-spoils-sky\" title=\"Poes\u00eda de David Rosenmann-Taub: Cortejo y Epinicio, El Cielo en la Fuente, Los Despojos del Sol\">Poes\u00eda de David Rosenmann-Taub: Cortejo y Epinicio, El Cielo en la Fuente, Los Despojos del Sol por Pepys<\/a><\/td>\r\n<\/tr>\r\n<tr>\r\n<td class=\"col-year\">1979<\/td>\r\n<td class=\"col-type\">P\u00e1gina<\/td>\r\n<td class=\"col-name\"><a href=\"\/es\/articles\/article17-cortejo-y-epinicio\" title=\"Cortejo y Epinicio por Hern\u00e1n del Solar\">Cortejo y Epinicio por Hern\u00e1n del Solar<\/a><\/td>\r\n<\/tr>\r\n<tr>\r\n<td class=\"col-year\">1977<\/td>\r\n<td class=\"col-type\">P\u00e1gina<\/td>\r\n<td class=\"col-name\"><a href=\"\/es\/articles\/article18-los-despojos\" title=\"Los Despojos del Sol Por Alberto Rubio\">Los Despojos del Sol, Por Alberto Rubio<\/a><\/td>\r\n<\/tr>\r\n<tr>\r\n<td class=\"col-year\">1953<\/td>\r\n<td class=\"col-type\">P\u00e1gina<\/td>\r\n<td class=\"col-name\"><a href=\"\/es\/articles\/article19-los-surcos-inundados\" title=\"Los Surcos Inundados por Miguel Arteche\">Los Surcos Inundados por Miguel Arteche<\/a><\/td>\r\n<\/tr>\r\n<tr>\r\n<td class=\"col-year\">1952<\/td>\r\n<td class=\"col-type\">P\u00e1gina<\/td>\r\n<td class=\"col-name\"><a href=\"\/es\/articles\/article21-los-surcos-inundados\" title=\"Los Surcos Inundados por Carlos Ren&eacute; Correa\">Los Surcos Inundados por Carlos Ren&eacute; Correa<\/a><\/td>\r\n<\/tr>\r\n<tr>\r\n<td class=\"col-year\">1952<\/td>\r\n<td class=\"col-type\">P\u00e1gina<\/td>\r\n<td class=\"col-name\"><a href=\"\/es\/articles\/article22-flooded-furrows\" title=\"La Voz de un Poeta: Los Surcos Inundados de David Rosenmann-Taub por Vicente Mengod\">La Voz de un Poeta: Los Surcos Inundados de David Rosenmann-Taub por Vicente Mengod<\/a><\/td>\r\n<\/tr>\r\n<tr>\r\n<td class=\"col-year\">1951<\/td>\r\n<td class=\"col-type\">P\u00e1gina<\/td>\r\n<td class=\"col-name\"><a href=\"\/es\/articles\/article23-vicente-aleixandre-letter\" title=\"Carta de Vicente Aleixandre\">Carta de Vicente Aleixandre<\/a><\/td>\r\n<\/tr>\r\n<tr>\r\n<td class=\"col-year\">1951<\/td>\r\n<td class=\"col-type\">P\u00e1gina<\/td>\r\n<td class=\"col-name\"><a href=\"\/es\/articles\/article24-cortejo-surcos\" title=\"La Poes\u00eda de David Rosenmann-Taub en Cortejo y Epinicio y en Los Surcos Inundados por Francis de Miomandre\">La Poes\u00eda de David Rosenmann-Taub en Cortejo y Epinicio y en Los Surcos Inundados por Francis de Miomandre<\/a><\/td>\r\n<\/tr>\r\n<tr>\r\n<td class=\"col-year\">1950<\/td>\r\n<td class=\"col-type\">P\u00e1gina<\/td>\r\n<td class=\"col-name\"><a href=\"\/es\/articles\/article09-cortege\" title=\"Cortejo y Epinicio por Hern&aacute;n D&iacute;az Arrieta (Alone)\">Cortejo y Epinicio por Hern&aacute;n D&iacute;az Arrieta (Alone)<\/a><\/td>\r\n<\/tr>\r\n<tr>\r\n<td class=\"col-year\">1950<\/td>\r\n<td class=\"col-type\">P\u00e1gina<\/td>\r\n<td class=\"col-name\"><a href=\"\/es\/articles\/poetica-de-david-rosenmann\/\" title=\"PO\u00c9TICA DE DAVID ROSENMANN por A. S. (Spanish\">PO\u00c9TICA DE DAVID ROSENMANN por A. S.<\/a><\/td>\r\n<\/tr>\r\n<tr>\r\n<td class=\"col-year\">1950<\/td>\r\n<td class=\"col-type\">P\u00e1gina<\/td>\r\n<td class=\"col-name\"><a href=\"\/es\/articles\/cortejo-y-epinicio\/\" title=\"Cortejo y Epinicio por ULYSES (Spanish)\">Cortejo y Epinicio por ULYSES<\/a><\/td>\r\n<\/tr>\r\n<\/tbody>\r\n<tfoot>\r\n<tr>\r\n<td class=\"col-year\">A\u00f1o<\/td>\r\n<td class=\"col-type\">Formato<\/td>\r\n<td class=\"col-name\">T\u00edtulo Del Art\u00edculo<\/td>\r\n<\/tr>\r\n<\/tfoot>\r\n<\/table>\r\n<\/div><\/div>\r\n","protected":false},"excerpt":{"rendered":"Art&iacute;culos y Entrevistas A\u00f1o Formato T\u00edtulo Del Art\u00edculo 2016 P\u00e1gina Letral: Entrevista a David Rosenmann-Taub 2015 P\u00e1gina Entrevista a David Rosenmann-Taub, De Martha L. Canfield 2014 P\u00e1gina El Mercurio: David Rosenmann-Taub: Un espectador que sabe ver es tan artista como el artista 2013 P\u00e1gina Entrevista a David Rosenmann-Taub: art\u00edculo por Patricio Tapia, Las edades del [&hellip;]","protected":false},"author":1,"featured_media":0,"parent":0,"menu_order":38,"comment_status":"closed","ping_status":"open","template":"","meta":{"nf_dc_page":"","_monsterinsights_skip_tracking":false,"_monsterinsights_sitenote_active":false,"_monsterinsights_sitenote_note":"","_monsterinsights_sitenote_category":0,"footnotes":""},"class_list":["post-150","page","type-page","status-publish","hentry"],"aioseo_notices":[],"_links":{"self":[{"href":"https:\/\/davidrosenmann-taub.com\/es\/wp-json\/wp\/v2\/pages\/150","targetHints":{"allow":["GET"]}}],"collection":[{"href":"https:\/\/davidrosenmann-taub.com\/es\/wp-json\/wp\/v2\/pages"}],"about":[{"href":"https:\/\/davidrosenmann-taub.com\/es\/wp-json\/wp\/v2\/types\/page"}],"author":[{"embeddable":true,"href":"https:\/\/davidrosenmann-taub.com\/es\/wp-json\/wp\/v2\/users\/1"}],"replies":[{"embeddable":true,"href":"https:\/\/davidrosenmann-taub.com\/es\/wp-json\/wp\/v2\/comments?post=150"}],"version-history":[{"count":11,"href":"https:\/\/davidrosenmann-taub.com\/es\/wp-json\/wp\/v2\/pages\/150\/revisions"}],"predecessor-version":[{"id":5932,"href":"https:\/\/davidrosenmann-taub.com\/es\/wp-json\/wp\/v2\/pages\/150\/revisions\/5932"}],"wp:attachment":[{"href":"https:\/\/davidrosenmann-taub.com\/es\/wp-json\/wp\/v2\/media?parent=150"}],"curies":[{"name":"wp","href":"https:\/\/api.w.org\/{rel}","templated":true}]}}