{"id":95,"date":"2015-02-08T16:05:41","date_gmt":"2015-02-09T00:05:41","guid":{"rendered":"http:\/\/dff-monolith.com\/?page_id=95"},"modified":"2025-09-04T16:56:11","modified_gmt":"2025-09-04T23:56:11","slug":"books","status":"publish","type":"page","link":"https:\/\/davidrosenmann-taub.com\/es\/books\/","title":{"rendered":"Libros"},"content":{"rendered":"<h1>Libros<\/h1>\r\n<div class=\"books-browser-wrapper\">\r\n<div class=\"responsive-tabs\">\n<h2 class=\"tabtitle\">Libros (2002&ndash;2021)<\/h2>\n<div class=\"tabcontent\">\n\r\n<ul class=\"books-block\">\r\n<li><a href=\"\/es\/books\/tilimtilin\/\" title=\"T\u00edlimtil\u00edn\" class=\"nounder\"><img decoding=\"async\" src=\"\/images\/books-2015\/Tilimtilin-200.jpg\" alt=\"T\u00edlimtil\u00edn\" class=\"books-list\" \/><br \/>T\u00edlimtil\u00edn [2021]<\/a><\/li>\r\n<li><a href=\"\/es\/books\/glosa\/\" title=\"GLOSA\" class=\"nounder\"><img decoding=\"async\" src=\"\/images\/books-2015\/Glosa-Cover-200.jpg\" alt=\"GLOSA\" class=\"books-list\" \/><br \/>GLOSA [2020]<\/a><\/li>\r\n<li><a href=\"\/es\/books\/jornadas\/\" title=\"Jornadas\" class=\"nounder\"><img decoding=\"async\" src=\"\/images\/books-2015\/Jornadas-200.jpg\" alt=\"Jornadas\" class=\"books-list\" \/><br \/>Jornadas [2018]<\/a><\/li>\r\n<li><a href=\"\/es\/books\/alm-eria\/\" title=\"Alm-er\u00eda\" class=\"nounder\"><img decoding=\"async\" src=\"\/images\/books-2015\/Alm-eria-200.jpg\" alt=\"Alm-er\u00eda\" class=\"books-list\" \/><br \/>Alm-er\u00eda [2017]<\/a><\/li>\r\n<li><div><a href=\"\/es\/books\/trebol-de-nueve\/\" title=\"Tr\u00e9bol de Nueve\" class=\"nounder\"><img loading=\"lazy\" decoding=\"async\" src=\"\/images\/books-2015\/Trebol-de-Nueve-200.jpg\" width=\"163\" height=\"200\" alt=\"Tr\u00e9bol de Nueve\" class=\"books-list\" \/><br \/>Tr\u00e9bol de Nueve [2016]<\/a><\/div><\/li>\r\n<li><div><a href=\"\/es\/books\/oo-o\/\" title=\"O&oacute;,o\" class=\"nounder\"><img loading=\"lazy\" decoding=\"async\" src=\"\/images\/books-2015\/Ooo-200.jpg\" width=\"122\" height=\"201\" alt=\"O&oacute;,o\" class=\"books-list\" \/><br \/>O&oacute;,o [2015]<\/a><\/div><\/li>\r\n<li><a href=\"\/es\/books\/los-surcos-inundados\/\" title=\"Los Surcos Inundados\" class=\"nounder\"><img decoding=\"async\" src=\"\/images\/books-2015\/Los-Surcos-Inundados-200.jpg\" alt=\"Los Surcos Inundados\" class=\"books-list\" \/><br \/>Los Surcos Inundados [2014]<\/a><\/li>\r\n<li><a href=\"\/es\/books\/cortejo-y-epinicio\/\" title=\"Cortejo y Epinicio: la tetralog&iacute;a\" class=\"nounder\"><img decoding=\"async\" src=\"\/images\/books-2015\/Cortejo-Tetralogy-200.jpg\" alt=\"Cortejo y Epinicio: la tetralog&iacute;a\" class=\"books-list\" \/><br \/>Cortejo y Epinicio:<br \/>la tetralog&iacute;a [2013]<\/a><\/li>\r\n<li><a href=\"\/es\/books\/el-zocalo\/\" title=\"El Z&oacute;calo (Cuarta edici&oacute;n del primer volumen de&nbsp;Cortejo y Epinicio)\" class=\"nounder\"><img decoding=\"async\" src=\"\/images\/books-2015\/El-Zocalo-200.jpg\" alt=\"El Z&oacute;calo (Cuarta edici&oacute;n del primer volumen de&nbsp;Cortejo y Epinicio)\" class=\"books-list\" \/><br \/>El Z&oacute;calo [2013]<\/a><\/li>\r\n<li><a href=\"\/es\/books\/la-noche-antes\/\" title=\"La Noche Antes\" class=\"nounder\"><img decoding=\"async\" src=\"\/images\/books-2015\/La-Noche-Antes-200.jpg\" alt=\"La Noche Antes\" class=\"books-list\" \/><br \/>La Noche Antes [2013]<\/a><\/li>\r\n<li><a href=\"\/es\/books\/la-opcion\/\" title=\"La Opci&oacute;n\" class=\"nounder\"><img decoding=\"async\" src=\"\/images\/books-2015\/La-Opcion-200.jpg\" alt=\"La Opci&oacute;n\" class=\"books-list\" \/><br \/>La Opci&oacute;n [2011]<\/a><\/li>\r\n<li><a href=\"\/es\/books\/quince\/\" title=\"Quince\" class=\"nounder\"><img decoding=\"async\" src=\"\/images\/books-2015\/Quince-200.jpg\" alt=\"Quince\" class=\"books-list\" \/><br \/>Quince [2008]<\/a><\/li>\r\n<li><a href=\"\/es\/books\/auge\/\" title=\"Auge\" class=\"nounder\"><img decoding=\"async\" src=\"\/images\/books-2015\/Auge-200.jpg\" alt=\"Auge\" class=\"books-list\" \/><br \/>Auge [2007]<\/a><\/li>\r\n<li><a href=\"\/es\/books\/en-un-lugar-de-la-sangre\/\" title=\"En un lugar de la Sangre\" class=\"nounder\"><img decoding=\"async\" src=\"\/images\/books-2015\/En-un-lugar-200.jpg\" alt=\"En un lugar de la Sangre\" class=\"books-list\" \/><br \/>En un lugar de la Sangre<br \/>[2006]<\/a><\/li>\r\n<li><a href=\"\/es\/books\/los-despojos-del-sol\/\" title=\"Los Despojos del Sol\" class=\"nounder\"><img decoding=\"async\" src=\"\/images\/books-2015\/Los-Despojos-200.jpg\" alt=\"Los Despojos del Sol\" class=\"books-list\" \/><br \/>Los Despojos del Sol<br \/>[2006]<\/a><\/li>\r\n<li><a href=\"\/es\/books\/poesiectomia\/\" title=\"Poesiectom&iacute;a\" class=\"nounder\"><img decoding=\"async\" src=\"\/images\/books-2015\/Poesiectomia-200.jpg\" alt=\"Poesiectom&iacute;a\" class=\"books-list\" \/><br \/>Poesiectom&iacute;a<br \/>[2005]<\/a><\/li>\r\n<li><a href=\"\/es\/books\/el-cielo-en-la-fuente-la-manana-eterna\/\" title=\"El Cielo en La Fuente\/La Ma\u00f1ana Eterna\" class=\"nounder\"><img decoding=\"async\" src=\"\/images\/books-2015\/El-Cielo-200.jpg\" alt=\"El Cielo en La Fuente\/La Ma\u00f1ana Eterna\" class=\"books-list\" \/><br \/>El Cielo en La Fuente\/<br \/>La Ma\u00f1ana Eterna [2004]<\/a><\/li>\r\n<li><a href=\"\/es\/books\/pais-mas-alla\/\" title=\"Pa&iacute;s M&aacute;s All&aacute;\" class=\"nounder\"><img decoding=\"async\" src=\"\/images\/books-2015\/Pais-mas-alla-200.jpg\" alt=\"Pa&iacute;s M&aacute;s All&aacute;\" class=\"books-list\" \/><br \/>Pa&iacute;s M&aacute;s All&aacute; [2004]<\/a><\/li>\r\n<li><a href=\"\/es\/books\/el-mensajero\/\" title=\"El Mensajero\" class=\"nounder\"><img decoding=\"async\" src=\"\/images\/books-2015\/El-Mensajero-200.jpg\" alt=\"El Mensajero\" class=\"books-list\" \/><br \/>El Mensajero [2003]<\/a><\/li>\r\n<li><a href=\"\/es\/books\/cortejo-y-epinicio-tercera\/\" title=\"Cortejo y Epinicio &bull; Tercera edici\u00f3n\" class=\"nounder\"><img decoding=\"async\" src=\"\/images\/books-2015\/Cortejo3-200.jpg\" alt=\"Cortejo y Epinicio &bull; Tercera edici\u00f3n\" class=\"books-list\" \/><br \/>Cortejo y Epinicio &bull;<br \/>Tercera edici\u00f3n [2002]<\/a><\/li>\r\n<\/ul>\r\n\n<\/div><h2 class=\"tabtitle\">Antolog\u00edas y Traducciones<\/h2>\n<div class=\"tabcontent\">\n\r\n<ul class=\"books-block\">\r\n<li><a href=\"\/es\/anthologies\/il-plinto\/\" title=\"Il Plinto\" class=\"nounder\"><img decoding=\"async\" src=\"\/images\/books-2015\/Il-Plinto-200.jpg\" alt=\"Il Plinto\" class=\"books-list\" \/><br \/>Il Plinto [2017]<\/a><\/li>\r\n<li><a href=\"\/es\/anthologies\/el-duelo-de-la-luz\/\" title=\"El duelo de la luz\" class=\"nounder\"><img decoding=\"async\" src=\"\/images\/books-2015\/El-Duelo-De-La-Luz-200.jpg\" alt=\"El duelo de la luz\" class=\"books-list\" \/><br \/>El duelo de la luz [2014]<\/a><\/li>\r\n<li><a href=\"\/es\/anthologies\/antes-que-a-luz-trema\/\" title=\"Antes que a luz trema\" class=\"nounder\"><img decoding=\"async\" src=\"\/images\/books-2015\/Antes-de-Luz-200.jpg\" alt=\"Antes de Luz\" class=\"books-list\" \/><br \/>Antes que a luz trema [2013]<\/a><\/li>\r\n<li><a href=\"\/es\/anthologies\/multiverso\/\" title=\"Multiverso\" class=\"nounder\"><img decoding=\"async\" src=\"\/images\/books-2015\/Multiverso-200.jpg\" alt=\"Multiverso\" class=\"books-list\" \/><br \/>Multiverso [2012]<\/a><\/li>\r\n<li><a href=\"\/es\/anthologies\/cortege-et-epinicie\/\" title=\"Cort&egrave;ge et &Eacute;pinicie\" class=\"nounder\"><img decoding=\"async\" src=\"\/images\/books-2015\/Cortejo-French-200.jpg\" alt=\"Cort&egrave;ge et &Eacute;pinicie\" class=\"books-list\" \/><br \/>Cort&egrave;ge et &Eacute;pinicie [2011]<\/a><\/li>\r\n<li><a href=\"\/es\/anthologies\/el-horizonte-cruza-la-casa\/\" title=\"El horizonte cruza la casa\" class=\"nounder\"><img decoding=\"async\" src=\"\/images\/books-2015\/El-horizonte-200.jpg\" alt=\"El horizonte cruza la casa\" class=\"books-list\" \/><br \/>El horizonte cruza la casa [2011]<\/a><\/li>\r\n<li><a href=\"\/es\/anthologies\/e-poi-il-vento\/\" title=\"E poi, il vento\" class=\"nounder\"><img decoding=\"async\" src=\"\/images\/books-2015\/E-poi-il-vento-200.jpg\" alt=\"E poi, il vento\" class=\"books-list\" \/><br \/>E poi, il vento [2010]<\/a><\/li>\r\n<li><a href=\"\/es\/anthologies\/me-incito-el-espejo\/\" title=\"Me incit&oacute; el espejo\" class=\"nounder\"><img decoding=\"async\" src=\"\/images\/books-2015\/Me-incito-200.jpg\" alt=\"Me incit&oacute; el espejo\" class=\"books-list\" \/><br \/>Me incit&oacute; el espejo [2010]<\/a><\/li>\r\n<li><a href=\"\/anthologies\/quince-bengali\/\" title=\"Quince\" class=\"nounder\"><img decoding=\"async\" src=\"\/images\/books-2015\/Quince-Bengali-200.jpg\" alt=\"Quince\" class=\"books-list\" \/><br \/>Quince<br \/>(Bengali translation) [2010]<\/a><\/li>\r\n<\/ul>\r\n\n<\/div><h2 class=\"tabtitle\">Libros (1949&ndash;1983)<\/h2>\n<div class=\"tabcontent\">\n\r\n<ul class=\"books-block\">\r\n<li><a href=\"\/es\/other-books\/al-rey-su-trono\/\" title=\"Al Rey Su Trono\" class=\"nounder\"><img decoding=\"async\" src=\"\/images\/books-2015\/Al-Rey-Su-Trono-200.jpg\" alt=\"Al Rey Su Trono\" class=\"books-list\" \/><br>Al Rey Su Trono [1983]<\/a>\r\n<\/li>\r\n<li><a href=\"\/es\/other-books\/cortejo-y-epinicio-segunda-edicion\/\" title=\"Cortejo y Epinicio, segunda edici&oacute;n\" class=\"nounder\"><img decoding=\"async\" src=\"\/images\/books-2015\/Cortejo2-200.jpg\" alt=\"Cortejo y Epinicio<br>segunda edici&oacute;n\" class=\"books-list\" \/><br>Cortejo y Epinicio<br>segunda edici&oacute;n [1978]<\/a>\r\n<\/li>\r\n<li><a href=\"\/es\/other-books\/los-despojos-del-sol-ananda-segunda\/\" title=\"Los Despojos del Sol, Ananda Segunda\" class=\"nounder\"><img decoding=\"async\" src=\"\/images\/books-2015\/Los-Despojos-Segunda-200.jpg\" alt=\"Los Despojos del Sol<br>Ananda Segunda\" class=\"books-list\" \/><br>Los Despojos del Sol<br>Ananda Segunda [1978]<\/a>\r\n<\/li>\r\n<li><a href=\"\/es\/other-books\/el-cielo-en-la-fuente\/\" title=\"El Cielo en la Fuente\" class=\"nounder\"><img decoding=\"async\" src=\"\/images\/books-2015\/El-Cielo-Single-200.jpg\" alt=\"El Cielo en la Fuente\" class=\"books-list\" \/><br>El Cielo en la Fuente [1977]<\/a>\r\n<\/li>\r\n<li><a href=\"\/es\/other-books\/los-despojos-del-sol-ananda-primera\/\" title=\"Los Despojos del Sol, Ananda Primera\" class=\"nounder\"><img decoding=\"async\" src=\"\/images\/books-2015\/Los-Despojos-Primera-200.jpg\" alt=\"Los Despojos del Sol<br>Ananda Primera\" class=\"books-list\" \/><br>Los Despojos del Sol<br>Ananda Primera [1976]<\/a>\r\n<\/li>\r\n<li><a href=\"\/es\/other-books\/cuaderno-de-poesia\/\" title=\"Cuaderno de Poes&iacute;a\" class=\"nounder\"><img decoding=\"async\" src=\"\/images\/books-2015\/Cuaderno-200.jpg\" alt=\"Cuaderno de Poes&iacute;a\" class=\"books-list\" \/><br>Cuaderno de Poes&iacute;a [1962]<\/a>\r\n<\/li>\r\n<li><a href=\"\/es\/other-books\/la-enredadera-del-jubilo\/\" title=\"La Enredadera del J&uacute;bilo\" class=\"nounder\"><img decoding=\"async\" src=\"\/images\/books-2015\/La-Enredadera-200.jpg\" alt=\"La Enredadera del J&uacute;bilo\" class=\"books-list\" \/><br>La Enredadera<br \/>del J&uacute;bilo [1952]<\/a>\r\n<\/li>\r\n<li><a href=\"\/es\/other-books\/los-surcos-inundados\/\" title=\"Los Surcos Inundados\" class=\"nounder\"><img decoding=\"async\" src=\"\/images\/books-2015\/Los-Surcos-First-200.jpg\" alt=\"Los Surcos Inundados\" class=\"books-list\" \/><br>Los Surcos Inundados [1951]<\/a>\r\n<\/li>\r\n<li><a href=\"\/es\/other-books\/cortejo-y-epinicio-primera-edicion\/\" title=\"Cortejo y Epinicio, primera edici&oacute;n\" class=\"nounder\"><img decoding=\"async\" src=\"\/images\/books-2015\/Cortejo1-200.jpg\" alt=\"Cortejo y Epinicio, primera edici&oacute;n\" class=\"books-list\" \/><br>Cortejo y Epinicio<br>primera edici&oacute;n [1949]<\/a>\r\n<\/li>\r\n<\/ul>\r\n\n<\/div><h2 class=\"tabtitle\">Adquirir Libros<\/h2>\n<div class=\"tabcontent\">\n\r\n<p>Para adquirir los libros:<\/p>\r\n<p><strong><a href=\"http:\/\/www.latinamericanbooks.com\" title=\"The Latin American Bookstore\" target=\"_blank\" rel=\"noopener\">The Latin American Bookstore &bull; www.latinamericanbooks.com<\/a><\/strong><br \/>\r\n(607) 273-2418<\/p>\r\n<p><strong><a href=\"https:\/\/www.amazon.com\/s?k=David+Rosenmann-Taub\" title=\"David Rosenmann-Taub on Amazon\" target=\"_blank\" rel=\"noopener\">Amazon.com &bull; www.amazon.com\/David Rosenmann-Taub<\/a><\/strong><\/p>\r\n<p><strong><a href=\"http:\/\/www.lom.cl\" title=\"LOM\" target=\"_blank\" rel=\"noopener\">LOM Ediciones &bull; www.lom.cl<\/a><\/strong><\/p>\r\n<\/div><\/div>\r\n<\/div>\r\n","protected":false},"excerpt":{"rendered":"Libros T\u00edlimtil\u00edn [2021] GLOSA [2020] Jornadas [2018] Alm-er\u00eda [2017] Tr\u00e9bol de Nueve [2016] O&oacute;,o [2015] Los Surcos Inundados [2014] Cortejo y Epinicio:la tetralog&iacute;a [2013] El Z&oacute;calo [2013] La Noche Antes [2013] La Opci&oacute;n [2011] Quince [2008] Auge [2007] En un lugar de la Sangre[2006] Los Despojos del Sol[2006] Poesiectom&iacute;a[2005] El Cielo en La Fuente\/La Ma\u00f1ana [&hellip;]","protected":false},"author":1,"featured_media":0,"parent":0,"menu_order":18,"comment_status":"closed","ping_status":"closed","template":"","meta":{"nf_dc_page":"","_monsterinsights_skip_tracking":false,"_monsterinsights_sitenote_active":false,"_monsterinsights_sitenote_note":"","_monsterinsights_sitenote_category":0,"footnotes":""},"class_list":["post-95","page","type-page","status-publish","hentry"],"aioseo_notices":[],"_links":{"self":[{"href":"https:\/\/davidrosenmann-taub.com\/es\/wp-json\/wp\/v2\/pages\/95","targetHints":{"allow":["GET"]}}],"collection":[{"href":"https:\/\/davidrosenmann-taub.com\/es\/wp-json\/wp\/v2\/pages"}],"about":[{"href":"https:\/\/davidrosenmann-taub.com\/es\/wp-json\/wp\/v2\/types\/page"}],"author":[{"embeddable":true,"href":"https:\/\/davidrosenmann-taub.com\/es\/wp-json\/wp\/v2\/users\/1"}],"replies":[{"embeddable":true,"href":"https:\/\/davidrosenmann-taub.com\/es\/wp-json\/wp\/v2\/comments?post=95"}],"version-history":[{"count":11,"href":"https:\/\/davidrosenmann-taub.com\/es\/wp-json\/wp\/v2\/pages\/95\/revisions"}],"predecessor-version":[{"id":6492,"href":"https:\/\/davidrosenmann-taub.com\/es\/wp-json\/wp\/v2\/pages\/95\/revisions\/6492"}],"wp:attachment":[{"href":"https:\/\/davidrosenmann-taub.com\/es\/wp-json\/wp\/v2\/media?parent=95"}],"curies":[{"name":"wp","href":"https:\/\/api.w.org\/{rel}","templated":true}]}}