{"id":153,"date":"2015-02-10T16:40:14","date_gmt":"2015-02-11T00:40:14","guid":{"rendered":"http:\/\/dff-monolith.com\/?page_id=153"},"modified":"2025-02-13T12:21:27","modified_gmt":"2025-02-13T20:21:27","slug":"articles","status":"publish","type":"page","link":"https:\/\/davidrosenmann-taub.com\/fr\/articles\/","title":{"rendered":"Articles et Entretiens"},"content":{"rendered":"<h1>Articles et Entretiens<\/h1>\r\n<div class=\"responsive-tabs\">\n<h2 class=\"tabtitle\">Entretiens<\/h2>\n<div class=\"tabcontent\">\n\r\n<table class=\"articles-table\">\r\n<thead>\r\n<tr>\r\n<td class=\"col-year\">Ann\u00e9e<\/td>\r\n<td class=\"col-type\">Format<\/td>\r\n<td class=\"col-name\">Titre de l'article<\/td>\r\n<\/tr>\r\n<\/thead>\r\n<tbody>\r\n<tr>\r\n<td class=\"col-year\">2016<\/td>\r\n<td class=\"col-type\">Page<\/td>\r\n<td class=\"col-name\"><a href=\"\/es\/interviews\/interview-letral-2016-salvador\/\">Letral: Entrevista a David Rosenmann-Taub<\/a><\/td>\r\n<\/tr>\r\n<tr>\r\n<td class=\"col-year\">2015<\/td>\r\n<td class=\"col-type\">Page<\/td>\r\n<td class=\"col-name\"><a href=\"\/es\/interviews\/entrevista-2015-martha-canfield\/\">Entrevista a David Rosenmann-Taub, De Martha L. Canfield (Espagnol)<\/a><\/td>\r\n<\/tr>\r\n<tr>\r\n<td class=\"col-year\">2014<\/td>\r\n<td class=\"col-type\">PDF<\/td>\r\n<td class=\"col-name\"><a href=\"\/es\/interviews\/interview-2014-spectator\/\">El Mercurio: David Rosenmann-Taub: Un espectador que sabe ver es tan artista como el artista (Espagnol)<\/a><\/td>\r\n<\/tr>\r\n<tr>\r\n<td class=\"col-year\">2013<\/td>\r\n<td class=\"col-type\">Page<\/td>\r\n<td class=\"col-name\"><a href=\"\/fr\/interviews\/el-mercurio-tapia-2013\/\">Interview avec David Rosenmann-Taub dans un article de Patricio Tapia, <em>Las edades del hombre seg\u00fan David Rosenmann-Taub<\/em>, El Mercurio, Santiago du Chili, 1 avril 2013<\/a><\/td>\r\n<\/tr>\r\n<tr>\r\n<td class=\"col-year\">2008<\/td>\r\n<td class=\"col-type\">Page<\/td>\r\n<td class=\"col-name\"><a href=\"\/fr\/interviews\/interview-01-radio-beethoven\/\">Entretien avec Radio Beethoven<\/a><\/td>\r\n<\/tr>\r\n<tr>\r\n<td class=\"col-year\">2008<\/td>\r\n<td class=\"col-type\">Page<\/td>\r\n<td class=\"col-name\"><a href=\"\/es\/interviews\/interview07-tormented-glimpses\" title=\"Extracto de 'Rosenmann-Taub: el tormento de sus atisbos' &mdash; Entrevista par Patricio Tapia\">Extracto de \"Rosenmann-Taub: el tormento de sus atisbos\" &mdash; Entrevista par Patricio Tapia (Espagnol)<\/a><\/td>\r\n<\/tr>\r\n<tr>\r\n<td class=\"col-year\">2007<\/td>\r\n<td class=\"col-type\">Page<\/td>\r\n<td class=\"col-name\"><a href=\"\/es\/interviews\/interview-2007-identifico-poesia-con-verdad\/\">Identifico Poes&iacute;a con Verdad por Beatriz Berger (Espagnol)<\/a><\/td>\r\n<\/tr>\r\n<tr>\r\n<td class=\"col-year\">2005<\/td>\r\n<td class=\"col-type\">Page<\/td>\r\n<td class=\"col-name\"><a href=\"\/fr\/interviews\/interview06-3d-poet\/\" title=\"David Rosenmann-Taub: Po\u00e8te en tres dimensiones, par Beatriz Berger (Traduction)\">David Rosenmann-Taub: Po\u00e8te en tres dimensiones, par Beatriz Berger (Traduction)<\/a><\/td>\r\n<\/tr>\r\n<tr>\r\n<td class=\"col-year\">2005<\/td>\r\n<td class=\"col-type\">Page<\/td>\r\n<td class=\"col-name\"><a href=\"\/fr\/interviews\/interview02-came-to-learn\" title=\"&ldquo;Je suis venu au monde pour appendre&rdquo; Rosenmann-Taub par Laura Castellanos (Traduction)\">&ldquo;Je suis venu au monde pour appendre&rdquo; Rosenmann-Taub par Laura Castellanos (Traduction)<\/a><\/td>\r\n<\/tr>\r\n<tr>\r\n<td class=\"col-year\">2005<\/td>\r\n<td class=\"col-type\">Page<\/td>\r\n<td class=\"col-name\"><a href=\"\/fr\/interviews\/interview08-memorize\" title=\"David Rosenmann-Taub: \u00ab Contre l\u2019improvisaci&oacute;n \u00bb par Patricio Tapia (Traduction)\">David Rosenmann-Taub: \u00ab Contre l\u2019improvisaci&oacute;n \u00bb par Patricio Tapia (Traduction)<\/a><\/td>\r\n<\/tr>\r\n<tr>\r\n<td class=\"col-year\">2004<\/td>\r\n<td class=\"col-type\">Page<\/td>\r\n<td class=\"col-name\"><a href=\"\/fr\/interviews\/int03-chilean-living-myth\" title=\"Musicien et po\u00e8te: Rosenmann-Taub, l\u00e9gende vivante de la po\u00e9sie chilienne par Maureen Lennon Zaninovic (Traduction)\">Musicien et po\u00e8te: Rosenmann-Taub, l\u00e9gende vivante de la po\u00e9sie chilienne par Maureen Lennon Zaninovic (Traduction)<\/a><\/td>\r\n<\/tr>\r\n<tr>\r\n<td class=\"col-year\">2004<\/td>\r\n<td class=\"col-type\">Page<\/td>\r\n<td class=\"col-name\"><a href=\"\/fr\/interviews\/interview05-drt-interview\" title=\"Entretien avec David Rosenmann Taub par Franco Fasola (Traduction)\">Entretien avec David Rosenmann Taub par Franco Fasola (Traduction)<\/a><\/td>\r\n<\/tr>\r\n<tr>\r\n<td class=\"col-year\">2002<\/td>\r\n<td class=\"col-type\">Page<\/td>\r\n<td class=\"col-name\"><a href=\"\/fr\/interviews\/interview04-poem-score\" title=\"\u00ab Chaque po\u00e8me, pour moi, a sa partition. \u00bb par Beatriz Berger (Traduction)\">\u00ab Chaque po\u00e8me, pour moi, a sa partition. \u00bb par Beatriz Berger (Traduction)<\/a><\/td>\r\n<\/tr>\r\n<tr>\r\n<td class=\"col-year\">2002<\/td>\r\n<td class=\"col-type\">Page<\/td>\r\n<td class=\"col-name\"><a href=\"\/fr\/interviews\/interview09-far-from-world\" title=\"Retir\u00e9 de tout, loin du monde, Entrevista par Lautaro Ortiz (Traduction)\">Retir\u00e9 de tout, loin du monde, Entrevista par Lautaro Ortiz (Traduction)<\/a><\/td>\r\n<\/tr>\r\n<tr>\r\n<td class=\"col-year\">2001<\/td>\r\n<td class=\"col-type\">Page<\/td>\r\n<td class=\"col-name\"><a href=\"\/es\/interviews\/interview01-great-absentee\" title=\"El Gran Ausente: David Rosenmann-Taub, por Patricio Rojas\">El Gran Ausente: David Rosenmann-Taub, por Patricio Rojas (Espagnol)<\/a><\/td>\r\n<\/tr>\r\n<\/tbody>\r\n<tfoot>\r\n<tr>\r\n<td class=\"col-year\">Ann\u00e9e<\/td>\r\n<td class=\"col-type\">Format<\/td>\r\n<td class=\"col-name\">Titre de l'article<\/td>\r\n<\/tr>\r\n<\/tfoot>\r\n<\/table>\r\n\n<\/div><h2 class=\"tabtitle\">Articles 2022&ndash;2011<\/h2>\n<div class=\"tabcontent\">\n\r\n<table class=\"articles-table\">\r\n<thead>\r\n<tr>\r\n<td class=\"col-year\">Ann\u00e9e<\/td>\r\n<td class=\"col-type\">Format<\/td>\r\n<td class=\"col-name\">Titre de l'article<\/td>\r\n<\/tr>\r\n<\/thead>\r\n<tbody>\r\n\r\n<tr>\r\n<td class=\"col-year\">2022<\/td>\r\n<td class=\"col-type\">Page<\/td>\r\n<td class=\"col-name\"><a href=\"\/articles\/gorfkle-2022-glosa-review\/\">Review of &ldquo;GLOSA&rdquo;, by Kenneth Gorfkle (Anglais)<\/a><\/td>\r\n<\/tr>\r\n\r\n<tr>\r\n<td class=\"col-year\">2021<\/td>\r\n<td class=\"col-type\">Page<\/td>\r\n<td class=\"col-name\"><a href=\"\/es\/articles\/vertiz-2021\/\">&ldquo;LA PALABRA QUE SE ESCUCHA, EL SONIDO QUE SE LEE. ALME-R\u00cdA, DE DAVID ROSENMANN-TAUB&rdquo;, por Diana Rodr\u00edguez V\u00e9rtiz (Espagnol)<\/a><\/td>\r\n<\/tr>\r\n\r\n<tr>\r\n<td class=\"col-year\">2020<\/td>\r\n<td class=\"col-type\">Page<\/td>\r\n<td class=\"col-name\"><a href=\"\/es\/articles\/nomez-2020-trascendencia\/\">TRASCENDENCIA Y REGENERACI\u00d3N EN LA POES\u00cdA DE DAVID ROSENMANN-TAUB, por Na\u00edn N\u00f3mez (Espagnol)<\/a><\/td>\r\n<\/tr>\r\n\r\n<tr>\r\n<td class=\"col-year\">2018<\/td>\r\n<td class=\"col-type\">PDF<\/td>\r\n<td class=\"col-name\"><a href=\"\/downloads\/Gandolfo-on-DRT-Mercurio-13-May-2018.pdf\">M&Uacute;SICA PO&Eacute;TICA DE ROSENMANN-TAUB. Por Pedro Gandolfo (Espagnol).<\/a><\/td>\r\n<\/tr>\r\n<tr>\r\n<td class=\"col-year\">2017<\/td>\r\n<td class=\"col-type\">Page<\/td>\r\n<td class=\"col-name\"><a href=\"\/es\/articles\/vertiz-2017-los-cinco-sentidos\/\">David Rosenmann-Taub y la Educaci\u00f3n de los Cinco Sentidos, por Diana Rodr\u00edguez V\u00e9rtiz (Espagnol)<\/a><\/td>\r\n<\/tr>\r\n<tr>\r\n<td class=\"col-year\">2016<\/td>\r\n<td class=\"col-type\">P\u00e1gina<\/td>\r\n<td class=\"col-name\"><a href=\"\/es\/articles\/article-2016-letral-merlo\/\">Presentaci\u00f3n del n\u00famero 17, 2016 de la Revista Letral. Por Pepa Merlo. (Espagnol)<\/a><\/td>\r\n<\/tr>\r\n<tr>\r\n<td class=\"col-year\">2016<\/td>\r\n<td class=\"col-type\">PDF<\/td>\r\n<td class=\"col-name\"><a href=\"\/pdf\/Letral-2016-Gorfkle-Hermeneutica-sobre-DRT.pdf\">La comprensi\u00f3n de la poes\u00eda de David Rosenmann-Taub: Un enfoque formalista\/ hermen\u00e9utico. Por Kenneth Gorfkle. (Anglais)<\/a><\/td>\r\n<\/tr>\r\n<tr>\r\n<td class=\"col-year\">2016<\/td>\r\n<td class=\"col-type\">Page<\/td>\r\n<td class=\"col-name\"><a href=\"\/es\/articles\/ripoll-2016-musica-y-poesia\/\">M\u00fasica y poes\u00eda en David Rosenmann-Taub. Por Jos\u00e9 Ram\u00f3n Ripoll. (Espagnol)<\/a><\/td>\r\n<\/tr>\r\n<tr>\r\n<td class=\"col-year\">2016<\/td>\r\n<td class=\"col-type\">Page<\/td>\r\n<td class=\"col-name\"><a href=\"\/es\/articles\/article-2016-los-poetas-escriben\/\">Los poetas escriben sobre David Rosenmann-Taub.  Omar Lara, Dimitris Angelis, Jos\u00e9 Carlos Rosales. (Espagnol)<\/a><\/td>\r\n<\/tr>\r\n<tr>\r\n<td class=\"col-year\">2016<\/td>\r\n<td class=\"col-type\">PDF<\/td>\r\n<td class=\"col-name\"><a href=\"\/es\/articles\/nomez-2016-el-duelo\/\">Rese\u00f1a del libro <em>El duelo de la luz<\/em>. Por Na\u00edn N\u00f3mez. (Espagnol)<\/a><\/td>\r\n<\/tr>\r\n<tr>\r\n<td class=\"col-year\">2016<\/td>\r\n<td class=\"col-type\">Page<\/td>\r\n<td class=\"col-name\"><a href=\"\/es\/articles\/galan-2016-didacticas\/\">Did\u00e1cticas del mensajero: <em>O\u00f3,o<\/em>. Por Julio C\u00e9sar Gal\u00e1n. (Espagnol)<\/a><\/td>\r\n<\/tr>\r\n<tr>\r\n<td class=\"col-year\">2015<\/td>\r\n<td class=\"col-type\">Page<\/td>\r\n<td class=\"col-name\"><a href=\"\/es\/articles\/gorfkle-2016-los-recursos\/\">&ldquo;Los recursos t\u00e9cnicos y ret\u00f3ricos de la poesia de David Rosenmann-Taub&rdquo;, de Kenneth Gorfkle (Espagnol)<\/a><\/td>\r\n<\/tr>\r\n<tr>\r\n<td class=\"col-year\">2015<\/td>\r\n<td class=\"col-type\">Page<\/td>\r\n<td class=\"col-name\"><a href=\"\/es\/articles\/chirinos-2015-la-insistencia\/\">LA INSISTENCIA DEL ESPECTRO EN &ldquo;CANCI\u00d3N DE CUNA&rdquo; DE DAVID ROSENMANN-TAUB Y &ldquo;MY SON&rdquo; DE MARK STRAND, de Eduardo Chirinos (Espagnol)<\/a><\/td>\r\n<\/tr>\r\n<tr>\r\n<td class=\"col-year\">2015<\/td>\r\n<td class=\"col-type\">Page<\/td>\r\n<td class=\"col-name\"><a href=\"\/es\/articles\/la-mistica-salvaje-2015\/\">LA M\u00cdSTICA SALVAJE DE DAVID ROSENMANN-TAUB, De Diana Mar\u00eda Rodr\u00edguez V\u00e9rtiz<\/a> (Espagnol)<\/td>\r\n<\/tr>\r\n<tr>\r\n<td class=\"col-year\">2015<\/td>\r\n<td class=\"col-type\">PDF<\/td>\r\n<td class=\"col-name\"><a href=\"\/pdf\/revistaintemperie.cl-David Rosenmann-Taub-El-Mensajero.pdf\">David Rosenmann-Taub: El Mensajero por Francisco Leal (Espagnol)<\/a><\/td>\r\n<\/tr>\r\n<tr>\r\n<td class=\"col-year\">2015<\/td>\r\n<td class=\"col-type\">PDF<\/td>\r\n<td class=\"col-name\"><a href=\"\/downloads\/La-Segunda-2015.pdf\">La Segunda: &ldquo;En el nombre del Padre&rdquo; por Jorge Edwards (espagnol)<\/a><a href=\"https:\/\/web.archive.org\/web\/20151012184454\/http:\/\/impresa.lasegunda.com:80\/2015\/10\/09\/A\/7F2PNJSD\">(Voir l&rsquo;original)<\/a><\/td>\r\n<\/tr>\r\n\r\n<tr>\r\n<td class=\"col-year\">2015<\/td>\r\n<td class=\"col-type\">Page<\/td>\r\n<td class=\"col-name\"><a href=\"\/es\/articles\/inedito-merlo-2015\/\">&ldquo;David Rosenmann-Taub: In\u00e9dito&rdquo; Por Pepa Merlo. (Espagnol)<\/td>\r\n<\/tr>\r\n\r\n<tr>\r\n<td class=\"col-year\">2015<\/td>\r\n<td class=\"col-type\">PDF<\/td>\r\n<td class=\"col-name\"><a href=\"\/pdf\/La-poesia-di-DRT-Canfield-Italian.pdf\">LA POESIA DI DAVID ROSENMANN-TAUB di Martha Canfield<\/a> (Italien)<\/td>\r\n<\/tr>\r\n\r\n<tr>\r\n<td class=\"col-year\">2014<\/td>\r\n<td class=\"col-type\">Page<\/td>\r\n<td class=\"col-name\"><a href=\"\/es\/articles\/vanguardia-y-neovanguardia-2014\/\">\u201cVANGUARDIA Y NEOVANGUARDIA: REGENERACI\u00d3N Y TRASCENDENCIA EN DAVID ROSENMANN-TAUB\u201d, por Na\u00edn N\u00f3mez (Espagnol)<\/a><\/td>\r\n<\/tr>\r\n<tr>\r\n<td class=\"col-year\">2014<\/td>\r\n<td class=\"col-type\">Page<\/td>\r\n<td class=\"col-name\"><a href=\"\/es\/articles\/salvador-2014-neopopularismo\/\">El neopopularismo en Nicanor Parra\u00a0y\u00a0David\u00a0Rosenmann-Taub. (Espagnol)<\/a><\/td>\r\n<\/tr>\r\n<tr>\r\n<td class=\"col-year\">2014<\/td>\r\n<td class=\"col-type\">Page<\/td>\r\n<td class=\"col-name\"><a href=\"\/es\/articles\/article-concha-en-torno-a-auge\/\">En Torno\u00a0a Auge:\u00a0M\u00e9trica\u00a0y\u00a0Vanguardia en\u00a0Rosenmann-Taub (Espagnol).<\/a><\/td>\r\n<\/tr>\r\n<tr>\r\n<td class=\"col-year\">2014<\/td>\r\n<td class=\"col-type\">Page<\/td>\r\n<td class=\"col-name\"><a href=\"\/articles\/gorfkle-intersection-2014\/\">\u201cTHE INTERSECTION OF LIFE AND DEATH IN DAVID ROSENMANN-TAUB'S TETRALOGY CORTEJO Y EPINICIO\u201d, by Kenneth Gorfkle (Anglais)<\/a><\/td>\r\n<\/tr>\r\n<tr>\r\n<td class=\"col-year\">2014<\/td>\r\n<td class=\"col-type\">PDF<\/td>\r\n<td class=\"col-name\"><a href=\"\/downloads\/2016_Winner_Wyse_Exploring_Jewish_Forms_Speaking_to_God.pdf\">&ldquo;Exploring Jewish Forms of Speaking to God: The Use of Apostrophe in David Rosenmann-Taub's\u00a0<em>Cortejo y Epinicio<\/em>&rdquo;, por Raelene Camille Wyse (Anglais)<\/a><\/td>\r\n<\/tr>\r\n<tr>\r\n<td class=\"col-year\">2014<\/td>\r\n<td class=\"col-type\">PDF<\/td>\r\n<td class=\"col-name\"><a href=\"\/downloads\/Montes-El-concepto-de-ritmo-DRT.pdf\"><em>El concepto de ritmo en la poes\u00eda de David Rosenmann Taub.<\/em>\u00a0 Por Cristi\u00e1n Montes, Universidad de Chile. Presentado en el Coloquio Internacional <em>La m\u00fasica en sus variaciones pr\u00e1cticas y discursivas,<\/em> Universidad de Chile, Santiago<br \/>por Cristi\u00e1n Montes (Espagnol)<\/a><\/td>\r\n<\/tr>\r\n<tr>\r\n<td class=\"col-year\">2014<\/td>\r\n<td class=\"col-type\">PDF<\/td>\r\n<td class=\"col-name\"><a href=\"\/downloads\/SOLO-EL-ARTE-CONSUELA-A-Salvador-Granada-Hoy-2014.pdf\">S&oacute;lo el arte consuela y puede ser una forma de vencer a la muerte por \u00c1lvaro Salvador (Espagnol)<\/td>\r\n<\/tr>\r\n\r\n<tr>\r\n<td class=\"col-year\">2013<\/td>\r\n<td class=\"col-type\">P\u00e1gina<\/td>\r\n<td class=\"col-name\"><a href=\"\/es\/articles\/blanco-2013-antes\/\">\u201cAntes que a Luz Trema. Antolog\u00eda Po\u00e9tica de David Rosenmann-Taub\u201d por Fernando Blanco<\/a> (espagnol)<\/td>\r\n<\/tr>\r\n\r\n<tr>\r\n<td class=\"col-year\">2013<\/td>\r\n<td class=\"col-type\">Page<\/td>\r\n<td class=\"col-name\"><a href=\"\/es\/articles\/monteleone-2013-la-voz\/\">David Rosenmann-Taub, la voz del multiverso por Jorge Monteleone (espagnol)<\/a><\/td>\r\n<\/tr>\r\n\r\n<tr>\r\n<td class=\"col-year\">2013<\/td>\r\n<td class=\"col-type\">PDF<\/td>\r\n<td class=\"col-name\"><a href=\"\/downloads\/LaFaz-Aportaciones.pdf\">Aportaciones a la discusi\u00f3n de un poema por L\u00e1gar Alexander Vilkas (Espagnol)<\/a><\/td>\r\n<\/tr>\r\n\r\n<tr>\r\n<td class=\"col-year\">2012<\/td>\r\n<td class=\"col-type\">PDF<\/td>\r\n<td class=\"col-name\"><a href=\"\/downloads\/COMPONER-Cifuentes-Louault-Lo-Singular-2012.pdf\">Componer, descomponer y recomponer la memoria: una lectura de Pa&iacute;s M&aacute;s All&aacute; de David Rosenmann-Taub por Juanita Cifuentes-Louaul (Espagnol)<\/a><\/td>\r\n<\/tr>\r\n<tr>\r\n<td class=\"col-year\">2012<\/td>\r\n<td class=\"col-type\">PDF<\/td>\r\n<td class=\"col-name\"><a href=\"\/downloads\/CORTEJO-Y-EPINICIO-Nain-Nomez-Lo-Singular-2012.pdf\">Cortejo y Epinicio de David Rosenmann-Taub: exorcismos de la memoria por Na\u00edn N\u00f3mez (Espagnol)<\/a><\/td>\r\n<\/tr>\r\n<tr>\r\n<td class=\"col-year\">2012<\/td>\r\n<td class=\"col-type\">PDF<\/td>\r\n<td class=\"col-name\"><a href=\"\/downloads\/DEL-NACAR-Ina-Salazar-Lo-Singular-2012.pdf\">Del n&aacute;car de la infancia a los firmamentos apagados : primeras aproximaciones a la poes&iacute;a de David Rosenmann-Taub por Ina Salazar (Espagnol)<\/a><\/td>\r\n<\/tr>\r\n<tr>\r\n<td class=\"col-year\">2012<\/td>\r\n<td class=\"col-type\">PDF<\/td>\r\n<td class=\"col-name\"><a href=\"\/downloads\/DE-LO-PERSONAL-Costanzo-Lo-Singular-2012.pdf\">De lo personal a lo universal: existencialismo y muerte en la poes&iacute;a de David Rosenmann-Taub por Sabrina Costanzo (Espagnol)<\/a><\/td>\r\n<\/tr>\r\n<tr>\r\n<td class=\"col-year\">2012<\/td>\r\n<td class=\"col-type\">PDF<\/td>\r\n<td class=\"col-name\"><a href=\"\/downloads\/EL-CERO-Erika-Martinez-Lo-Singular-2012.pdf\">El cero del polvo: David Rosenmann-Taub y la miniatura sapiencial por Erika Mart\u00ednez (Espagnol)<\/a><\/td>\r\n<\/tr>\r\n<tr>\r\n<td class=\"col-year\">2012<\/td>\r\n<td class=\"col-type\">PDF<\/td>\r\n<td class=\"col-name\"><a href=\"\/downloads\/EL-OBJETIVO-Teodosio-Fernandez-Lo-Singular-2012.pdf\">El objetivo es la verdad: reflexiones sobre la  poes&iacute;a de David Rosenmann-Taub por Teodosio Fern\u00e1ndez (Espagnol)<\/a><\/td>\r\n<\/tr>\r\n<tr>\r\n<td class=\"col-year\">2012<\/td>\r\n<td class=\"col-type\">PDF<\/td>\r\n<td class=\"col-name\"><a href=\"\/downloads\/INCITACION-Gallego-Cuinas-Insula-791-Nov-2012.pdf\">Incitaci&oacute;n a la poes&iacute;a especular de David Rosenmann-Taub por Ana Gallego Cui\u00f1as (Espagnol)<\/a><\/td>\r\n<\/tr>\r\n<tr>\r\n<td class=\"col-year\">2012<\/td>\r\n<td class=\"col-type\">PDF<\/td>\r\n<td class=\"col-name\"><a href=\"\/downloads\/LA-TINTA-Perez-Lopez-Lo-Singular-2012.pdf\">La tinta seducida. Episteme y creaci&oacute;n en David Rosenmann-Taub por M\u00aa \u00c1ngeles P\u00e9rez L\u00f3pez (Espagnol)<\/a><\/td>\r\n<\/tr>\r\n<tr>\r\n<td class=\"col-year\">2012<\/td>\r\n<td class=\"col-type\">PDF<\/td>\r\n<td class=\"col-name\"><a href=\"\/downloads\/LO-SINGULAR-Y-LO-UNIVERSAL-EN-LA-POESIA-DE-DRT-Libro-2012.pdf\">Lo singular y lo universal en la poes&iacute;a de David Rosenmann-Taub Edici\u00f3n de Eduardo Ramos-Izquierdo (Espagnol)<\/a><\/td>\r\n<\/tr>\r\n<tr>\r\n<td class=\"col-year\">2012<\/td>\r\n<td class=\"col-type\">PDF<\/td>\r\n<td class=\"col-name\"><a href=\"\/downloads\/PARA-UNA-RETORICA-Tedeschi-Lo-Singula-2012.pdf\">Para una ret&oacute;rica del silencio. Una lectura de Cortejo y Epinicio de David Rosenmann-Taub por Stefano Tedeschi (Espagnol)<\/a><\/td>\r\n<\/tr>\r\n<tr>\r\n<td class=\"col-year\">2012<\/td>\r\n<td class=\"col-type\">PDF<\/td>\r\n<td class=\"col-name\"><a href=\"\/downloads\/PRELUDIO-Ramos-Izquierdo-Lo-Singular-2012.pdf\">Preludio en sol bemol mayor (Espagnol)<\/a><\/td>\r\n<\/tr>\r\n<tr>\r\n<td class=\"col-year\">2012<\/td>\r\n<td class=\"col-type\">Page<\/td>\r\n<td class=\"col-name\"><a href=\"\/es\/articles\/roman-resumen-2012\/\">Interpretaci\u00f3n y Oximor\u00f3n en la Poes\u00eda de David Rosenmann-Taub. Por Juan Andr\u00e9s Garc\u00eda Rom\u00e1n.<\/a> (Espagnol)<\/td>\r\n<\/tr>\r\n<tr>\r\n<td class=\"col-year\">2011<\/td>\r\n<td class=\"col-type\">PDF<\/td>\r\n<td class=\"col-name\"><a href=\"\/pdf\/Dematte-Corde.pdf\">&ldquo;Sin verter ni una \u00abcosmol\u00e1grima\u00bb: traducir la poes\u00eda de David Rosenmann-Taub al italiano&rdquo;, de Claudia Dematt\u00e8 (Espagnol)<\/a><\/td>\r\n<\/tr>\r\n<tr>\r\n<td class=\"col-year\">2011<\/td>\r\n<td class=\"col-type\">PDF<\/td>\r\n<td class=\"col-name\"><a href=\"\/downloads\/Eduardo-Moga-2011-El-poeta-total.pdf\">EL POETA TOTAL, por EDUARDO MOGA (Espagnol)<\/a><\/td>\r\n<\/tr>\r\n<\/tbody>\r\n<tfoot>\r\n<tr>\r\n<td class=\"col-year\">Ann\u00e9e<\/td>\r\n<td class=\"col-type\">Format<\/td>\r\n<td class=\"col-name\">Titre de l'article<\/td>\r\n<\/tr>\r\n<\/tfoot>\r\n<\/table>\r\n\n<\/div><h2 class=\"tabtitle\">Articles 2010&ndash;2008<\/h2>\n<div class=\"tabcontent\">\n\r\n<table class=\"articles-table\">\r\n<thead>\r\n<tr>\r\n<td class=\"col-year\">Ann\u00e9e<\/td>\r\n<td class=\"col-type\">Format<\/td>\r\n<td class=\"col-name\">Titre de l'article<\/td>\r\n<\/tr>\r\n<\/thead>\r\n<tbody>\r\n<tr>\r\n<td class=\"col-year\">2010<\/td>\r\n<td class=\"col-type\">PDF<\/td>\r\n<td class=\"col-name\"><a href=\"\/downloads\/Cuadernos-Hispanoamericanos-59-Lucas-Article.pdf\">Rosenmann-Taub, inquilino en la extra\u00f1eza por Antonio Lucas<\/a><\/td>\r\n<\/tr>\r\n<tr>\r\n<td class=\"col-year\">2010<\/td>\r\n<td class=\"col-type\">PDF<\/td>\r\n<td class=\"col-name\"><a href=\"\/downloads\/DRT-LECTURA-Cristian-Gomez-2010.pdf\">David Rosenmann-Taub: Lectura de sus silencios por Cristi\u00e1n G\u00f3mez O. (Espagnol)<\/a><\/td>\r\n<\/tr>\r\n<tr>\r\n<td class=\"col-year\">2010<\/td>\r\n<td class=\"col-type\">PDF<\/td>\r\n<td class=\"col-name\"><a href=\"\/downloads\/EL-ESPACIO-DE-LA-MEMORIA-EN-PMA-Nomez-IILI-2010.pdf\">Sobre la poes&iacute;a de David Rosenmann-Taub: El espacio de la memoria en el Pa&iacute;s (de) M&aacute;s All&aacute; por Na\u00edn N\u00f3mez (Espagnol)<\/a><\/td>\r\n<\/tr>\r\n<tr>\r\n<td class=\"col-year\">2010<\/td>\r\n<td class=\"col-type\">PDF<\/td>\r\n<td class=\"col-name\"><a href=\"\/downloads\/EN-TORNO-A-AUGE-Concha-IILI-2010.pdf\">En torno a Auge: M&eacute;trica y vanguardia en Rosenmann-Taub por Jaime Concha (Espagnol)<\/a><\/td>\r\n<\/tr>\r\n<tr>\r\n<td class=\"col-year\">2010<\/td>\r\n<td class=\"col-type\">PDF<\/td>\r\n<td class=\"col-name\"><a href=\"\/downloads\/IMPERATIVOS-Susan-Campos-Fonseca-2010.pdf\">Imperativos de la memoria: En un lugar de la Sangre de David Rosenmann-Taub (Una Introducci&oacute;n) por Susan Campos Fonseca (Espagnol)<\/a><\/td>\r\n<\/tr>\r\n<tr>\r\n<td class=\"col-year\">2010<\/td>\r\n<td class=\"col-type\">PDF<\/td>\r\n<td class=\"col-name\"><a href=\"\/downloads\/POESIA-AL-BORDE-Gandolfo-Resonancias-No-26-2010.pdf\">Rosenmann-Taub: Poes&iacute;a al borde de la m\u00fasica por Pedro Gandolfo (Espagnol)<\/a><\/td>\r\n<\/tr>\r\n<tr>\r\n<td class=\"col-year\">2010<\/td>\r\n<td class=\"col-type\">PDF<\/td>\r\n<td class=\"col-name\"><a href=\"\/downloads\/DRT-ME-INCITO-J-Fabrellas-Revista-Paraiso-No-9-2013.pdf\">Me incit&oacute; el espejo por Joaqu\u00edn Fabrellas (Espagnol)<\/a><\/td>\r\n<\/tr>\r\n<tr>\r\n<td class=\"col-year\">2009<\/td>\r\n<td class=\"col-type\">PDF<\/td>\r\n<td class=\"col-name\"><a href=\"\/downloads\/QUINCE-AUTOCOM-P-Miranda-Revista-Chilena-Lit-2009.pdf\">Quince Autocomentarios de David Rosenmann-Taub: Fin al hermetismo por Paula Miranda H. (Espagnol)<\/a><\/td>\r\n<\/tr>\r\n<tr>\r\n<td class=\"col-year\">2009<\/td>\r\n<td class=\"col-type\">PDF<\/td>\r\n<td class=\"col-name\"><a href=\"\/downloads\/HOFSTRAMAYO2009-DRT.pdf\" title=\"An Interpretative Approach to the Poetry of David Rosenmann-Taub by Kenneth Gorfkle  (Original in English)\">An Interpretative Approach to the Poetry of David Rosenmann-Taub by Kenneth Gorfkle (Anglais)<\/a><\/td>\r\n<\/tr>\r\n<tr>\r\n<td class=\"col-year\">2008<\/td>\r\n<td class=\"col-type\">PDF<\/td>\r\n<td class=\"col-name\"><a href=\"\/downloads\/Nace_una_singularidad.pdf\" title=\"Nace una singularidad: el primer libro de David Rosenmann-Taub por Jaime Concha \">Nace una singularidad: el primer libro de David Rosenmann-Taub por Jaime Concha (Espagnol)<\/a><\/td>\r\n<\/tr>\r\n<tr>\r\n<td class=\"col-year\">2008<\/td>\r\n<td class=\"col-type\">Page<\/td>\r\n<td class=\"col-name\"><a href=\"\/es\/articles\/article03-quince\" title=\"Quince de David Rosenmann-Taub por Paula Miranda\">Quince de David Rosenmann-Taub por Paula Miranda (Espagnol)<\/a><\/td>\r\n<\/tr>\r\n<\/tbody>\r\n<tfoot>\r\n<tr>\r\n<td class=\"col-year\">Ann\u00e9e<\/td>\r\n<td class=\"col-type\">Format<\/td>\r\n<td class=\"col-name\">Titre de l'article<\/td>\r\n<\/tr>\r\n<\/tfoot>\r\n<\/table>\r\n\n<\/div><h2 class=\"tabtitle\">Articles 2007&ndash;2002<\/h2>\n<div class=\"tabcontent\">\n\r\n<table class=\"articles-table\">\r\n<thead>\r\n<tr>\r\n<td class=\"col-year\">Ann\u00e9e<\/td>\r\n<td class=\"col-type\">Format<\/td>\r\n<td class=\"col-name\">Titre de l'article<\/td>\r\n<\/tr>\r\n<\/thead>\r\n<tbody>\r\n<tr>\r\n<td class=\"col-year\">2007<\/td>\r\n<td class=\"col-type\">PDF<\/td>\r\n<td class=\"col-name\"><a href=\"\/downloads\/Un_lugar_para_David_Rosenmann-Taub_Fernandez.pdf\" title=\"Un lugar para David Rosenmann-Taub por Teodosio Fern&aacute;ndez\">Un lugar para David Rosenmann-Taub por Teodosio Fern&aacute;ndez (Espagnol)<\/a><\/td>\r\n<\/tr>\r\n<tr>\r\n<td class=\"col-year\">2007<\/td>\r\n<td class=\"col-type\">Page<\/td>\r\n<td class=\"col-name\"><a href=\"\/es\/articles\/article04-poetic-enigma\" title=\"Rosenmann-Taub: A Poetic Enigma by Pedro Gandolfo  (Translation)\">Rosenmann-Taub: A Poetic Enigma by Pedro Gandolfo (Espagnol)<\/a><\/td>\r\n<\/tr>\r\n<tr>\r\n<td class=\"col-year\">2007<\/td>\r\n<td class=\"col-type\">Page<\/td>\r\n<td class=\"col-name\"><a href=\"\/es\/articles\/los-des-p-ojos-del-sol\/\" title=\"Los des (p) ojos del sol: un ensayo sobre la poes\u00eda de David Rosenmann-Taub por Felipe Ruiz\">Los des (p) ojos del sol: un ensayo sobre la poes\u00eda de David Rosenmann-Taub por Felipe Ruiz (Espagnol)<\/a><\/td>\r\n<\/tr>\r\n<tr>\r\n<td class=\"col-year\">2007<\/td>\r\n<td class=\"col-type\">P\u00e1gina<\/td>\r\n<td class=\"col-name\"><a href=\"\/es\/articles\/foxley-los-despojos-2007\/\" title=\"&lsquo;Los despojos del sol&rsquo; de David Rosenmann-Taub. Por Carmen Foxley.\">&lsquo;Los despojos del sol&rsquo; de David Rosenmann-Taub. Por Carmen Foxley. (Espagnol)<\/a><\/td>\r\n<\/tr>\r\n<tr>\r\n<td class=\"col-year\">2006<\/td>\r\n<td class=\"col-type\">Page<\/td>\r\n<td class=\"col-name\"><a href=\"\/es\/articles\/article06-brevity-spoils\" title=\"La brevedad de lo absoluto: Los Despojos del Sol por Ignacio Rodr&iacute;guez A.\">La brevedad de lo absoluto: Los Despojos del Sol por Ignacio Rodr&iacute;guez A. (Espagnol)<\/a><\/td>\r\n<\/tr>\r\n<tr>\r\n<td class=\"col-year\">2006<\/td>\r\n<td class=\"col-type\">Page<\/td>\r\n<td class=\"col-name\"><a href=\"\/es\/articles\/article08-poet-disappear\" title=\"David Rosenmann-Taub, the Poet Who Wanted To Disappear by Javier Garc&iacute;a  (Translation)\">David Rosenmann-Taub, el poeta que quiso desaparecer<br \/>\r\n(Fragmentos) por Javier Garc&iacute;a (Espagnol)<\/a><\/td>\r\n<\/tr>\r\n<tr>\r\n<td class=\"col-year\">2005<\/td>\r\n<td class=\"col-type\">Page<\/td>\r\n<td class=\"col-name\"><a href=\"\/es\/articles\/article07-drt-tribute\" title=\"Presentaci&oacute;n de Poesiectom&iacute;a, con ocasi&oacute;n del Homenaje a David Rosenmann-Taub por Na&iacute;n N&oacute;mez \">Presentaci&oacute;n de Poesiectom&iacute;a, con ocasi&oacute;n del Homenaje a David Rosenmann-Taub por Na&iacute;n N&oacute;mez (Espagnol)<\/a><\/td>\r\n<\/tr>\r\n<tr>\r\n<td class=\"col-year\">2005<\/td>\r\n<td class=\"col-type\">Page<\/td>\r\n<td class=\"col-name\"><a href=\"\/es\/articles\/cielo-manana-eterna\/\" title=\"Cielo, ma\u00f1ana eterna por Felipe Ruiz\">Cielo, ma\u00f1ana eterna por Felipe Ruiz (Espagnol)<\/a><\/td>\r\n<\/tr>\r\n<tr>\r\n<td class=\"col-year\">2005<\/td>\r\n<td class=\"col-type\">Page<\/td>\r\n<td class=\"col-name\"><a href=\"\/es\/articles\/marks-2005-en-la-prosa\/\" title=\"En la prosa de estos versos las fogatas se calientan, por Camilo Marks\">En la prosa de estos versos las fogatas se calientan, por Camilo Marks (Espagnol)<\/a><\/td>\r\n<\/tr>\r\n<tr>\r\n<td class=\"col-year\">2004<\/td>\r\n<td class=\"col-type\">Page<\/td>\r\n<td class=\"col-name\"><a href=\"\/es\/articles\/article10-memory-death\" title=\"Memoria y muerte, encontradas por Na&iacute;n N&oacute;mez\">Memoria y muerte, encontradas por Na&iacute;n N&oacute;mez (Espagnol)<\/a><\/td>\r\n<\/tr>\r\n<tr>\r\n<td class=\"col-year\">2004<\/td>\r\n<td class=\"col-type\">Page<\/td>\r\n<td class=\"col-name\"><a href=\"\/fr\/articles\/article11-beyond-poetry\" title=\"Au del\u00e0 de la po\u00e9sie par Jos&eacute; Ignacio Silva A. (Translation)\">Au del\u00e0 de la po\u00e9sie par Jos&eacute; Ignacio Silva A. (Traduction)<\/a><\/td>\r\n<\/tr>\r\n<tr>\r\n<td class=\"col-year\">2003<\/td>\r\n<td class=\"col-type\">Page<\/td>\r\n<td class=\"col-name\"><a href=\"\/es\/articles\/article12-best-of-year\" title=\"Los mejores libros del a\u00f1o: poes\u00eda, relatos y novelas\">Los mejores libros del a\u00f1o: poes\u00eda, relatos y novelas (Espagnol)<\/a><\/td>\r\n<\/tr>\r\n<tr>\r\n<td class=\"col-year\">2003<\/td>\r\n<td class=\"col-type\">Page<\/td>\r\n<td class=\"col-name\"><a href=\"\/es\/articles\/article13-sound-of-i\" title=\"El Sonido del Yo por Carlos Labb&eacute;\">El Sonido del Yo por Carlos Labb&eacute; (Espagnol)<\/a><\/td>\r\n<\/tr>\r\n<tr>\r\n<td class=\"col-year\">2002<\/td>\r\n<td class=\"col-type\">Page<\/td>\r\n<td class=\"col-name\"><a href=\"\/es\/articles\/article14-between-earth-sky\" title=\"Entre la tierra y el cielo por Crist\u00f3bal Solari\">Entre la tierra y el cielo por Crist\u00f3bal Solari (Espagnol)<\/a><\/td>\r\n<\/tr>\r\n<\/tbody>\r\n<tfoot>\r\n<tr>\r\n<td class=\"col-year\">Ann\u00e9e<\/td>\r\n<td class=\"col-type\">Format<\/td>\r\n<td class=\"col-name\">Titre de l'article<\/td>\r\n<\/tr>\r\n<\/tfoot>\r\n<\/table>\r\n\n<\/div><h2 class=\"tabtitle\">Articles 1998&ndash;1950<\/h2>\n<div class=\"tabcontent\">\n\r\n<table class=\"articles-table\">\r\n<thead>\r\n<tr>\r\n<td class=\"col-year\">Ann\u00e9e<\/td>\r\n<td class=\"col-type\">Format<\/td>\r\n<td class=\"col-name\">Titre de l'article<\/td>\r\n<\/tr>\r\n<\/thead>\r\n<tbody>\r\n<tr>\r\n<td class=\"col-year\">1998<\/td>\r\n<td class=\"col-type\">Page<\/td>\r\n<td class=\"col-name\"><a href=\"\/fr\/articles\/article15-greatest-poet\" title=\"Le plus grand po\u00e8te par Armando Uribe Arce (Traduction)\">Le plus grand po\u00e8te par Armando Uribe Arce (Traduction)<\/a><\/td>\r\n<\/tr>\r\n<tr>\r\n<td class=\"col-year\">1998<\/td>\r\n<td class=\"col-type\">Page<\/td>\r\n<td class=\"col-name\"><a href=\"\/es\/articles\/article16-three-chilean-poets\" title=\"de 'Tres Poetas Chilenos' por Francisco V&eacute;jar\">de 'Tres Poetas Chilenos' por Francisco V&eacute;jar (Espagnol)<\/a><\/td>\r\n<\/tr>\r\n<tr>\r\n<td class=\"col-year\">1981<\/td>\r\n<td class=\"col-type\">Page<\/td>\r\n<td class=\"col-name\"><a href=\"\/es\/articles\/article20-cortege-spoils-sky\" title=\"Poes\u00eda de David Rosenmann-Taub: Cortejo y Epinicio, El Cielo en la Fuente, Los Despojos del Sol\">Poes\u00eda de David Rosenmann-Taub: Cortejo y Epinicio, El Cielo en la Fuente, Los Despojos del Sol por Pepys (Espagnol)<\/a><\/td>\r\n<\/tr>\r\n<tr>\r\n<td class=\"col-year\">1979<\/td>\r\n<td class=\"col-type\">Page<\/td>\r\n<td class=\"col-name\"><a href=\"\/es\/articles\/article17-cortejo-y-epinicio\" title=\"Cortejo y Epinicio por Hern&aacute;n del Solar\">Cortejo y Epinicio, por Hern&aacute;n del Solar (Espagnol)<\/a><\/td>\r\n<\/tr>\r\n<tr>\r\n<td class=\"col-year\">1977<\/td>\r\n<td class=\"col-type\">Page<\/td>\r\n<td class=\"col-name\"><a href=\"\/es\/articles\/article18-los-despojos\" title=\"Los Despojos del Sol por Alberto Rubio\">Los Despojos del Sol por Alberto Rubio (Espagnol)<\/a><\/td>\r\n<\/tr>\r\n<tr>\r\n<td class=\"col-year\">1953<\/td>\r\n<td class=\"col-type\">Page<\/td>\r\n<td class=\"col-name\"><a href=\"\/es\/articles\/article19-los-surcos-inundados\" title=\"Los Surcos Inundados por Miguel Arteche\">Los Surcos Inundados por Miguel Arteche (Espagnol)<\/a><\/td>\r\n<\/tr>\r\n<tr>\r\n<td class=\"col-year\">1952<\/td>\r\n<td class=\"col-type\">Page<\/td>\r\n<td class=\"col-name\"><a href=\"\/es\/articles\/article21-los-surcos-inundados\" title=\"Los Surcos Inundados por Carlos Ren&eacute; Correa\">Los Surcos Inundados por Carlos Ren&eacute; Correa (Espagnol)<\/a><\/td>\r\n<\/tr>\r\n<tr>\r\n<td class=\"col-year\">1952<\/td>\r\n<td class=\"col-type\">Page<\/td>\r\n<td class=\"col-name\"><a href=\"\/es\/articles\/article22-flooded-furrows\" title=\"La Voz de un Poeta: Los Surcos Inundados de David Rosenmann-Taub por Vicente Mengod\">La Voz de un Poeta: Los Surcos Inundados de David Rosenmann-Taub por Vicente Mengod (Espagnol)<\/a><\/td>\r\n<\/tr>\r\n<tr>\r\n<td class=\"col-year\">1951<\/td>\r\n<td class=\"col-type\">Page<\/td>\r\n<td class=\"col-name\"><a href=\"\/es\/articles\/article23-vicente-aleixandre-letter\" title=\"Carte de Vicente Aleixandre\">Carte de Vicente Aleixandre (Espagnol)<\/a><\/td>\r\n<\/tr>\r\n<tr>\r\n<td class=\"col-year\">1951<\/td>\r\n<td class=\"col-type\">Page<\/td>\r\n<td class=\"col-name\"><a href=\"\/fr\/articles\/article24-cortejo-surcos\" title=\"La Po\u00e9sie de David Rosenmann-Taub dans Cortejo y Epinicio et dans Los Surcos Inundados par Francis de Miomandre (Original en fran\u00e7ais)\">La Po\u00e9sie de David Rosenmann-Taub dans Cortejo y Epinicio et dans Los Surcos Inundados par Francis de Miomandre (Original en fran\u00e7ais)<\/a><\/td>\r\n<\/tr>\r\n<tr>\r\n<td class=\"col-year\">1950<\/td>\r\n<td class=\"col-type\">Page<\/td>\r\n<td class=\"col-name\"><a href=\"\/es\/articles\/article09-cortege\" title=\"Cortege y Epinicion por Hern&aacute;n D&iacute;az Arrieta (Alone)\">Cortege y Epinicion por Hern&aacute;n D&iacute;az Arrieta (Alone) (Espagnol)<\/a><\/td>\r\n<\/tr>\r\n<tr>\r\n<td class=\"col-year\">1950<\/td>\r\n<td class=\"col-type\">Page<\/td>\r\n<td class=\"col-name\"><a href=\"\/es\/articles\/poetica-de-david-rosenmann\/\" title=\"PO\u00c9TICA DE DAVID ROSENMANN por A. S. (Spanish\">PO\u00c9TICA DE DAVID ROSENMANN por A. S. (Espagnol)<\/a><\/td>\r\n<\/tr>\r\n<tr>\r\n<td class=\"col-year\">1950<\/td>\r\n<td class=\"col-type\">Page<\/td>\r\n<td class=\"col-name\"><a href=\"\/es\/articles\/cortejo-y-epinicio\/\" title=\"Cortejo y Epinicio por ULYSES (Spanish)\">Cortejo y Epinicio por ULYSES (Espagnol)<\/a><\/td>\r\n<\/tr>\r\n<\/tbody>\r\n<tfoot>\r\n<tr>\r\n<td class=\"col-year\">Ann\u00e9e<\/td>\r\n<td class=\"col-type\">Format<\/td>\r\n<td class=\"col-name\">Titre de l'article<\/td>\r\n<\/tr>\r\n<\/tfoot>\r\n<\/table>\r\n<\/div><\/div>\r\n","protected":false},"excerpt":{"rendered":"Articles et Entretiens Ann\u00e9e Format Titre de l&#8217;article 2016 Page Letral: Entrevista a David Rosenmann-Taub 2015 Page Entrevista a David Rosenmann-Taub, De Martha L. Canfield (Espagnol) 2014 PDF El Mercurio: David Rosenmann-Taub: Un espectador que sabe ver es tan artista como el artista (Espagnol) 2013 Page Interview avec David Rosenmann-Taub dans un article de Patricio [&hellip;]","protected":false},"author":1,"featured_media":0,"parent":0,"menu_order":38,"comment_status":"closed","ping_status":"open","template":"","meta":{"nf_dc_page":"","_monsterinsights_skip_tracking":false,"_monsterinsights_sitenote_active":false,"_monsterinsights_sitenote_note":"","_monsterinsights_sitenote_category":0,"footnotes":""},"class_list":["post-153","page","type-page","status-publish","hentry"],"aioseo_notices":[],"_links":{"self":[{"href":"https:\/\/davidrosenmann-taub.com\/fr\/wp-json\/wp\/v2\/pages\/153","targetHints":{"allow":["GET"]}}],"collection":[{"href":"https:\/\/davidrosenmann-taub.com\/fr\/wp-json\/wp\/v2\/pages"}],"about":[{"href":"https:\/\/davidrosenmann-taub.com\/fr\/wp-json\/wp\/v2\/types\/page"}],"author":[{"embeddable":true,"href":"https:\/\/davidrosenmann-taub.com\/fr\/wp-json\/wp\/v2\/users\/1"}],"replies":[{"embeddable":true,"href":"https:\/\/davidrosenmann-taub.com\/fr\/wp-json\/wp\/v2\/comments?post=153"}],"version-history":[{"count":11,"href":"https:\/\/davidrosenmann-taub.com\/fr\/wp-json\/wp\/v2\/pages\/153\/revisions"}],"predecessor-version":[{"id":5901,"href":"https:\/\/davidrosenmann-taub.com\/fr\/wp-json\/wp\/v2\/pages\/153\/revisions\/5901"}],"wp:attachment":[{"href":"https:\/\/davidrosenmann-taub.com\/fr\/wp-json\/wp\/v2\/media?parent=153"}],"curies":[{"name":"wp","href":"https:\/\/api.w.org\/{rel}","templated":true}]}}