{"id":6136,"date":"2025-03-28T15:14:22","date_gmt":"2025-03-28T22:14:22","guid":{"rendered":"https:\/\/davidrosenmann-taub.com\/?page_id=6136"},"modified":"2025-03-28T15:14:22","modified_gmt":"2025-03-28T22:14:22","slug":"conversaciones","status":"publish","type":"page","link":"https:\/\/davidrosenmann-taub.com\/fr\/music\/works\/conversaciones\/","title":{"rendered":"Conversaciones"},"content":{"rendered":"<p class=\"q3-centered\"><strong>Titre:<\/strong> Conversaciones<br>\r\n  <strong>Instruments<\/strong>: Solo piano<br>\r\n  <strong>Date<\/strong>: 1\/11\/1997<br>\r\n  <strong>Temps Total<\/strong>: 55:12\r\n<\/p>\r\n<table class=\"tracks-table\">\r\n<thead>\r\n<tr>\r\n<td class=\"col-number\">Nombre<\/td>\r\n<td class=\"col-title\">Titre<\/td>\r\n<td class=\"col-length\">Temps<\/td>\r\n<\/tr>\r\n<\/thead>\r\n<tbody>\r\n<tr>\r\n<td class=\"col-number\">1<\/td>\r\n<td class=\"col-title\">Pr\u00f3logo: Con Franz Liszt<\/td>\r\n<td class=\"col-length\">2:51<\/td>\r\n<\/tr>\r\n<tr>\r\n<td class=\"col-number\">2<\/td>\r\n<td class=\"col-title\">Con Domenico Scarlatti<\/td>\r\n<td class=\"col-length\">3:03<\/td>\r\n<\/tr>\r\n<tr>\r\n<td class=\"col-number\">3<\/td>\r\n<td class=\"col-title\">Con Johann Sebastian Bach (I)<\/td>\r\n<td class=\"col-length\">1:30<\/td>\r\n<\/tr>\r\n<tr>\r\n<td class=\"col-number\">4<\/td>\r\n<td class=\"col-title\">Con Georg Friedrich H\u00e4ndel<\/td>\r\n<td class=\"col-length\">1:26<\/td>\r\n<\/tr>\r\n<tr>\r\n<td class=\"col-number\">5<\/td>\r\n<td class=\"col-title\">Con Johann Sebastian Bach (II)<\/td>\r\n<td class=\"col-length\">1:07<\/td>\r\n<\/tr>\r\n<tr>\r\n<td class=\"col-number\">6<\/td>\r\n<td class=\"col-title\">Con Geor Philipp Telemann<\/td>\r\n<td class=\"col-length\">2:08<\/td>\r\n<\/tr>\r\n<tr>\r\n<td class=\"col-number\">7<\/td>\r\n<td class=\"col-title\">Con Fran\u00e7ois Couperin<\/td>\r\n<td class=\"col-length\">3:59<\/td>\r\n<\/tr>\r\n<tr>\r\n<td class=\"col-number\">8<\/td>\r\n<td class=\"col-title\">Con Louis-Claude d\u2019Aquin<\/td>\r\n<td class=\"col-length\">3:47<\/td>\r\n<\/tr>\r\n<tr>\r\n<td class=\"col-number\">9<\/td>\r\n<td class=\"col-title\">Con Carl Philipp Emanuel Bach (I)<\/td>\r\n<td class=\"col-length\">1:51<\/td>\r\n<\/tr>\r\n<tr>\r\n<td class=\"col-number\">10<\/td>\r\n<td class=\"col-title\">Con Johann Ludwig Krebs<\/td>\r\n<td class=\"col-length\">2:05<\/td>\r\n<\/tr>\r\n<tr>\r\n<td class=\"col-number\">11<\/td>\r\n<td class=\"col-title\">Con Carl Philipp Emanuel Bach (II)<\/td>\r\n<td class=\"col-length\">2:12<\/td>\r\n<\/tr>\r\n<tr>\r\n<td class=\"col-number\">12<\/td>\r\n<td class=\"col-title\">Con Joseph Haydn (I)\r\n<audio src=\"\/sound\/ConHaydn.mp3\" preload=\"none\" title=\"Con Josef Haydn\" \/><\/td>\r\n<td class=\"col-length\">2:01<\/td>\r\n<\/tr>\r\n<tr>\r\n<td class=\"col-number\">13<\/td>\r\n<td class=\"col-title\">Con Joseph Haydn (II)<\/td>\r\n<td class=\"col-length\">1:34<\/td>\r\n<\/tr>\r\n<tr>\r\n<td class=\"col-number\">14<\/td>\r\n<td class=\"col-title\">Con Wolfgang Amadeus Mozart <\/td>\r\n<td class=\"col-length\">1:55<\/td>\r\n<\/tr>\r\n<tr>\r\n<td class=\"col-number\">15<\/td>\r\n<td class=\"col-title\">Con Carl Maria von Weber\r\n<audio src=\"\/sound\/ConWeber.mp3\" preload=\"none\" title=\"Con Carl Maria von Weber\" \/><\/td>\r\n<td class=\"col-length\">1:06<\/td>\r\n<\/tr>\r\n<tr>\r\n<td class=\"col-number\">16<\/td>\r\n<td class=\"col-title\">Con Franz Schubert <\/td>\r\n<td class=\"col-length\">1:50<\/td>\r\n<\/tr>\r\n<tr>\r\n<td class=\"col-number\">17<\/td>\r\n<td class=\"col-title\">Con Ludwig van Beethoven<\/td>\r\n<td class=\"col-length\">2:47<\/td>\r\n<\/tr>\r\n<tr>\r\n<td class=\"col-number\">18<\/td>\r\n<td class=\"col-title\">Con Karl Czerny<\/td>\r\n<td class=\"col-length\">:58<\/td>\r\n<\/tr>\r\n<tr>\r\n<td class=\"col-number\">19<\/td>\r\n<td class=\"col-title\">Con Robert Schumann<\/td>\r\n<td class=\"col-length\">1:19<\/td>\r\n<\/tr>\r\n<tr>\r\n<td class=\"col-number\">20<\/td>\r\n<td class=\"col-title\">Con Frederic-Francois Chopin (I)<\/td>\r\n<td class=\"col-length\">1:19<\/td>\r\n<\/tr>\r\n<tr>\r\n<td class=\"col-number\">21<\/td>\r\n<td class=\"col-title\">Con Frederic-Francois Chopin (II)\r\n<audio src=\"\/sound\/ConChopin.mp3\" preload=\"none\" title=\"Con Frederic Chopin\" \/><\/td>\r\n<td class=\"col-length\">4:18<\/td>\r\n<\/tr>\r\n<tr>\r\n<td class=\"col-number\">22<\/td>\r\n<td class=\"col-title\">Con Felix Mendelsshon-Bartholdy<\/td>\r\n<td class=\"col-length\">2:40<\/td>\r\n<\/tr>\r\n<tr>\r\n<td class=\"col-number\">23<\/td>\r\n<td class=\"col-title\">Con Stephen Heller<\/td>\r\n<td class=\"col-length\">2:12<\/td>\r\n<\/tr>\r\n<tr>\r\n<td class=\"col-number\">24<\/td>\r\n<td class=\"col-title\">Con Piotr Ilich Tchaikovski<\/td>\r\n<td class=\"col-length\">1:47<\/td>\r\n<\/tr>\r\n<tr>\r\n<td class=\"col-number\">25<\/td>\r\n<td class=\"col-title\">Con Johannes Brahms\r\n<audio src=\"\/sound\/ConBrahms.mp3\" preload=\"none\" title=\"Con Johannes Brahms\" \/><\/td>\r\n<td class=\"col-length\">1:17<\/td>\r\n<\/tr>\r\n<tr>\r\n<td class=\"col-number\">26<\/td>\r\n<td class=\"col-title\">Ep\u00edlogo: Con Franz Liszt\r\n<audio src=\"\/sound\/ConLiszt.mp3\" preload=\"none\" title=\"Con Franz Liszt\" \/><\/td>\r\n<td class=\"col-length\">2:05<\/td>\r\n<\/tr>\r\n\r\n<\/tbody>\r\n<\/table>","protected":false},"excerpt":{"rendered":"Titre: Conversaciones Instruments: Solo piano Date: 1\/11\/1997 Temps Total: 55:12 Nombre Titre Temps 1 Pr\u00f3logo: Con Franz Liszt 2:51 2 Con Domenico Scarlatti 3:03 3 Con Johann Sebastian Bach (I) 1:30 4 Con Georg Friedrich H\u00e4ndel 1:26 5 Con Johann Sebastian Bach (II) 1:07 6 Con Geor Philipp Telemann 2:08 7 Con Fran\u00e7ois Couperin 3:59 [&hellip;]","protected":false},"author":2,"featured_media":0,"parent":6091,"menu_order":8,"comment_status":"closed","ping_status":"closed","template":"","meta":{"nf_dc_page":"","_monsterinsights_skip_tracking":true,"_monsterinsights_sitenote_active":false,"_monsterinsights_sitenote_note":"","_monsterinsights_sitenote_category":0,"footnotes":""},"class_list":["post-6136","page","type-page","status-publish","hentry"],"aioseo_notices":[],"_links":{"self":[{"href":"https:\/\/davidrosenmann-taub.com\/fr\/wp-json\/wp\/v2\/pages\/6136","targetHints":{"allow":["GET"]}}],"collection":[{"href":"https:\/\/davidrosenmann-taub.com\/fr\/wp-json\/wp\/v2\/pages"}],"about":[{"href":"https:\/\/davidrosenmann-taub.com\/fr\/wp-json\/wp\/v2\/types\/page"}],"author":[{"embeddable":true,"href":"https:\/\/davidrosenmann-taub.com\/fr\/wp-json\/wp\/v2\/users\/2"}],"replies":[{"embeddable":true,"href":"https:\/\/davidrosenmann-taub.com\/fr\/wp-json\/wp\/v2\/comments?post=6136"}],"version-history":[{"count":1,"href":"https:\/\/davidrosenmann-taub.com\/fr\/wp-json\/wp\/v2\/pages\/6136\/revisions"}],"predecessor-version":[{"id":6138,"href":"https:\/\/davidrosenmann-taub.com\/fr\/wp-json\/wp\/v2\/pages\/6136\/revisions\/6138"}],"up":[{"embeddable":true,"href":"https:\/\/davidrosenmann-taub.com\/fr\/wp-json\/wp\/v2\/pages\/6091"}],"wp:attachment":[{"href":"https:\/\/davidrosenmann-taub.com\/fr\/wp-json\/wp\/v2\/media?parent=6136"}],"curies":[{"name":"wp","href":"https:\/\/api.w.org\/{rel}","templated":true}]}}